{"id":17639,"date":"2026-02-26T17:09:00","date_gmt":"2026-02-26T16:09:00","guid":{"rendered":"https:\/\/www.europatrad.eu\/?page_id=17639"},"modified":"2026-04-27T17:00:02","modified_gmt":"2026-04-27T15:00:02","slug":"barrierefreiheit-und-digitale-inklusion","status":"publish","type":"page","link":"https:\/\/www.europatrad.eu\/de\/barrierefreiheit-und-digitale-inklusion\/","title":{"rendered":"Barrierefreiheit und digitale Inklusion"},"content":{"rendered":"\t\t<div data-elementor-type=\"wp-page\" data-elementor-id=\"17639\" class=\"elementor elementor-17639 elementor-17638\" data-elementor-post-type=\"page\">\n\t\t\t\t<div class=\"elementor-element elementor-element-19d996b8 bg_gris5 e-flex e-con-boxed e-con e-parent\" data-id=\"19d996b8\" data-element_type=\"container\" data-e-type=\"container\">\n\t\t\t\t\t<div class=\"e-con-inner\">\n\t\t\t\t<div class=\"elementor-element elementor-element-7a0b139e elementor-widget elementor-widget-breadcrumbs\" data-id=\"7a0b139e\" data-element_type=\"widget\" data-e-type=\"widget\" data-widget_type=\"breadcrumbs.default\">\n\t\t\t\t<div class=\"elementor-widget-container\">\n\t\t\t\t\t<p id=\"breadcrumbs\"><span><span><a href=\"https:\/\/www.europatrad.eu\/de\/\">Home<\/a><\/span><\/span><\/p>\t\t\t\t<\/div>\n\t\t\t\t<\/div>\n\t\t\t\t\t<\/div>\n\t\t\t\t<\/div>\n\t\t<div class=\"elementor-element elementor-element-6555a7d9 ban_inte bg_color4 e-flex e-con-boxed e-con e-parent\" data-id=\"6555a7d9\" data-element_type=\"container\" data-e-type=\"container\" data-settings=\"{&quot;background_background&quot;:&quot;classic&quot;}\">\n\t\t\t\t\t<div class=\"e-con-inner\">\n\t\t<div class=\"elementor-element elementor-element-252c342f e-con-full elementor-hidden-mobile_extra elementor-hidden-mobile e-flex e-con e-child\" data-id=\"252c342f\" data-element_type=\"container\" data-e-type=\"container\">\n\t\t<div class=\"elementor-element elementor-element-79bdf273 e-con-full e-flex e-con e-child\" data-id=\"79bdf273\" data-element_type=\"container\" data-e-type=\"container\">\n\t\t\t\t<div class=\"elementor-element elementor-element-60e0396e elementor-view-default elementor-widget elementor-widget-icon\" data-id=\"60e0396e\" data-element_type=\"widget\" data-e-type=\"widget\" data-widget_type=\"icon.default\">\n\t\t\t\t<div class=\"elementor-widget-container\">\n\t\t\t\t\t\t\t<div class=\"elementor-icon-wrapper\">\n\t\t\t<div class=\"elementor-icon\">\n\t\t\t<svg xmlns=\"http:\/\/www.w3.org\/2000\/svg\" xmlns:xlink=\"http:\/\/www.w3.org\/1999\/xlink\" width=\"100\" zoomAndPan=\"magnify\" viewBox=\"0 0 75 93.749996\" height=\"125\" preserveAspectRatio=\"xMidYMid meet\"><path fill=\"#ffffff\" d=\"M 44.898438 69.410156 C 45.257812 69.410156 45.621094 69.320312 45.980469 69.140625 C 47.335938 68.507812 47.878906 66.972656 47.246094 65.617188 C 47.246094 65.617188 42.28125 54.242188 41.375 50.089844 C 41.015625 48.644531 40.835938 44.761719 40.746094 42.957031 C 40.746094 42.324219 41.105469 41.785156 41.648438 41.601562 L 52.753906 38.261719 C 54.105469 37.902344 54.917969 36.367188 54.558594 35.011719 C 54.199219 33.65625 52.664062 32.84375 51.308594 33.207031 C 51.308594 33.207031 41.015625 36.546875 37.3125 36.546875 C 33.703125 36.546875 23.5 33.296875 23.5 33.296875 C 22.144531 32.933594 20.609375 33.566406 20.160156 34.921875 C 19.707031 36.367188 20.519531 37.902344 21.964844 38.261719 L 33.070312 41.601562 C 33.613281 41.785156 34.0625 42.324219 33.972656 42.957031 C 33.882812 44.761719 33.703125 48.644531 33.339844 50.089844 C 32.4375 54.242188 27.472656 65.617188 27.472656 65.617188 C 26.839844 66.972656 27.472656 68.507812 28.738281 69.140625 C 29.097656 69.320312 29.460938 69.410156 29.820312 69.410156 C 30.8125 69.410156 31.804688 68.871094 32.167969 67.875 L 37.496094 57.042969 L 42.550781 67.964844 C 43.003906 68.871094 43.90625 69.410156 44.898438 69.410156 Z M 44.898438 69.410156 \" fill-opacity=\"1\" fill-rule=\"nonzero\"><\/path><path fill=\"#ffffff\" d=\"M 42.550781 28.871094 C 42.550781 29.203125 42.519531 29.535156 42.453125 29.859375 C 42.386719 30.183594 42.292969 30.5 42.164062 30.808594 C 42.039062 31.113281 41.882812 31.40625 41.699219 31.679688 C 41.515625 31.957031 41.304688 32.214844 41.070312 32.449219 C 40.835938 32.683594 40.578125 32.890625 40.304688 33.078125 C 40.027344 33.261719 39.734375 33.417969 39.429688 33.542969 C 39.121094 33.671875 38.804688 33.765625 38.480469 33.832031 C 38.15625 33.894531 37.828125 33.929688 37.496094 33.929688 C 37.164062 33.929688 36.832031 33.894531 36.507812 33.832031 C 36.183594 33.765625 35.867188 33.671875 35.558594 33.542969 C 35.253906 33.417969 34.960938 33.261719 34.683594 33.078125 C 34.410156 32.890625 34.152344 32.683594 33.917969 32.449219 C 33.683594 32.214844 33.476562 31.957031 33.289062 31.679688 C 33.105469 31.40625 32.949219 31.113281 32.824219 30.808594 C 32.695312 30.5 32.601562 30.183594 32.535156 29.859375 C 32.472656 29.535156 32.4375 29.203125 32.4375 28.871094 C 32.4375 28.539062 32.472656 28.210938 32.535156 27.886719 C 32.601562 27.558594 32.695312 27.246094 32.824219 26.9375 C 32.949219 26.632812 33.105469 26.339844 33.289062 26.0625 C 33.476562 25.789062 33.683594 25.53125 33.917969 25.296875 C 34.152344 25.0625 34.410156 24.851562 34.683594 24.667969 C 34.960938 24.484375 35.253906 24.328125 35.558594 24.203125 C 35.867188 24.074219 36.183594 23.976562 36.507812 23.914062 C 36.832031 23.847656 37.164062 23.816406 37.496094 23.816406 C 37.828125 23.816406 38.15625 23.847656 38.480469 23.914062 C 38.804688 23.976562 39.121094 24.074219 39.429688 24.203125 C 39.734375 24.328125 40.027344 24.484375 40.304688 24.667969 C 40.578125 24.851562 40.835938 25.0625 41.070312 25.296875 C 41.304688 25.53125 41.515625 25.789062 41.699219 26.0625 C 41.882812 26.339844 42.039062 26.632812 42.164062 26.9375 C 42.292969 27.246094 42.386719 27.558594 42.453125 27.886719 C 42.519531 28.210938 42.550781 28.539062 42.550781 28.871094 Z M 42.550781 28.871094 \" fill-opacity=\"1\" fill-rule=\"nonzero\"><\/path><path fill=\"#ffffff\" d=\"M 73.789062 46.929688 C 73.789062 26.886719 57.539062 10.632812 37.496094 10.632812 C 17.449219 10.632812 1.199219 26.886719 1.199219 46.929688 C 1.199219 66.972656 17.449219 83.226562 37.496094 83.226562 C 57.539062 83.226562 73.789062 66.972656 73.789062 46.929688 Z M 4.179688 46.929688 C 4.179688 28.601562 19.074219 13.613281 37.496094 13.613281 C 55.914062 13.613281 70.808594 28.601562 70.808594 46.929688 C 70.808594 65.257812 55.824219 80.246094 37.496094 80.246094 C 19.167969 80.246094 4.179688 65.257812 4.179688 46.929688 Z M 4.179688 46.929688 \" fill-opacity=\"1\" fill-rule=\"nonzero\"><\/path><\/svg>\t\t\t<\/div>\n\t\t<\/div>\n\t\t\t\t\t\t<\/div>\n\t\t\t\t<\/div>\n\t\t\t\t<\/div>\n\t\t\t\t<\/div>\n\t\t<div class=\"elementor-element elementor-element-571d0cad txt_blanc e-flex e-con-boxed e-con e-child\" data-id=\"571d0cad\" data-element_type=\"container\" data-e-type=\"container\">\n\t\t\t\t\t<div class=\"e-con-inner\">\n\t\t\t\t<div class=\"elementor-element elementor-element-75750af5 titre_2_1ligne txt_blanc elementor-widget elementor-widget-heading\" data-id=\"75750af5\" data-element_type=\"widget\" data-e-type=\"widget\" data-widget_type=\"heading.default\">\n\t\t\t\t<div class=\"elementor-widget-container\">\n\t\t\t\t\t<h1 class=\"elementor-heading-title elementor-size-default\"><div class=\"titre_medium_cap\"><span style=\"color: white\">Barrierefreiheit &amp; digitale Inklusion<\/span><\/div><\/h1>\t\t\t\t<\/div>\n\t\t\t\t<\/div>\n\t\t\t\t<div class=\"elementor-element elementor-element-a49e0d8 titre_2_1ligne txt_blanc elementor-widget elementor-widget-heading\" data-id=\"a49e0d8\" data-element_type=\"widget\" data-e-type=\"widget\" data-widget_type=\"heading.default\">\n\t\t\t\t<div class=\"elementor-widget-container\">\n\t\t\t\t\t<p class=\"elementor-heading-title elementor-size-default\">Machen Sie Ihre Inhalte f\u00fcr alle zug\u00e4nglich \u2013 in allen Sprachen.\n<\/p>\t\t\t\t<\/div>\n\t\t\t\t<\/div>\n\t\t\t\t<div class=\"elementor-element elementor-element-dc7819 txt_blanc elementor-widget elementor-widget-text-editor\" data-id=\"dc7819\" data-element_type=\"widget\" data-e-type=\"widget\" data-widget_type=\"text-editor.default\">\n\t\t\t\t<div class=\"elementor-widget-container\">\n\t\t\t\t\t\t\t\t\t<div class=\"s-whitespace-pre-wrap s-break-words s-font-normal first:s-pt-0 last:s-pb-0 s-py-1 @md:s-py-2 @md:s-leading-7 s-text-base s-leading-7 s-text-foreground dark:s-text-foreground-night\">Die Digitalisierung sollte verbinden, nicht ausgrenzen. Und doch: Wie viele Menschen sehen sich mit Inhalten konfrontiert, die sie nicht verstehen, sehen oder h\u00f6ren k\u00f6nnen?  <\/div><div> <\/div><div class=\"s-whitespace-pre-wrap s-break-words s-font-normal first:s-pt-0 last:s-pb-0 s-py-1 @md:s-py-2 @md:s-leading-7 s-text-base s-leading-7 s-text-foreground dark:s-text-foreground-night\">Ob Sie Ihre Videos f\u00fcr alle verst\u00e4ndlich machen, komplexe Texte vereinfachen oder Ihre Websites an unterschiedliche Navigationsbed\u00fcrfnisse anpassen m\u00f6chten \u2013 wir machen Ihre Inhalte zu Br\u00fccken zur Inklusion.<\/div>\t\t\t\t\t\t\t\t<\/div>\n\t\t\t\t<\/div>\n\t\t\t\t<div class=\"elementor-element elementor-element-0102370 btn_color1 elementor-widget elementor-widget-button\" data-id=\"0102370\" data-element_type=\"widget\" data-e-type=\"widget\" data-widget_type=\"button.default\">\n\t\t\t\t<div class=\"elementor-widget-container\">\n\t\t\t\t\t\t\t\t\t<div class=\"elementor-button-wrapper\">\n\t\t\t\t\t<a class=\"elementor-button elementor-button-link elementor-size-sm\" href=\"https:\/\/europatrad.pipedrive.com\/scheduler\/5RRqPvce\/rendez-vous\">\n\t\t\t\t\t\t<span class=\"elementor-button-content-wrapper\">\n\t\t\t\t\t\t\t\t\t<span class=\"elementor-button-text\">Mit einem Experten sprechen<\/span>\n\t\t\t\t\t<\/span>\n\t\t\t\t\t<\/a>\n\t\t\t\t<\/div>\n\t\t\t\t\t\t\t\t<\/div>\n\t\t\t\t<\/div>\n\t\t\t\t\t<\/div>\n\t\t\t\t<\/div>\n\t\t\t\t\t<\/div>\n\t\t\t\t<\/div>\n\t\t<div class=\"elementor-element elementor-element-63a72599 e-flex e-con-boxed e-con e-parent\" data-id=\"63a72599\" data-element_type=\"container\" data-e-type=\"container\" data-settings=\"{&quot;background_background&quot;:&quot;classic&quot;}\">\n\t\t\t\t\t<div class=\"e-con-inner\">\n\t\t\t\t<div class=\"elementor-element elementor-element-25fe9462 titre_2_2lignes_inte elementor-widget elementor-widget-heading\" data-id=\"25fe9462\" data-element_type=\"widget\" data-e-type=\"widget\" data-widget_type=\"heading.default\">\n\t\t\t\t<div class=\"elementor-widget-container\">\n\t\t\t\t\t<h2 class=\"elementor-heading-title elementor-size-default\">Warum <span style=\"color: #253B2F\">digitale Barrierefreiheit?\n<\/span><\/h2>\t\t\t\t<\/div>\n\t\t\t\t<\/div>\n\t\t\t\t<div class=\"elementor-element elementor-element-613d9b5 elementor-widget elementor-widget-heading\" data-id=\"613d9b5\" data-element_type=\"widget\" data-e-type=\"widget\" data-widget_type=\"heading.default\">\n\t\t\t\t<div class=\"elementor-widget-container\">\n\t\t\t\t\t<h3 class=\"elementor-heading-title elementor-size-default\">Weil jeder Nutzer z\u00e4hlt\n<\/h3>\t\t\t\t<\/div>\n\t\t\t\t<\/div>\n\t\t\t\t<div class=\"elementor-element elementor-element-f782131 elementor-widget elementor-widget-text-editor\" data-id=\"f782131\" data-element_type=\"widget\" data-e-type=\"widget\" data-widget_type=\"text-editor.default\">\n\t\t\t\t<div class=\"elementor-widget-container\">\n\t\t\t\t\t\t\t\t\t<p class=\"font-claude-response-body break-words whitespace-normal leading-[1.7]\"><span class=\"TextRun SCXW22671781 BCX0\" lang=\"FR-FR\" xml:lang=\"FR-FR\" data-contrast=\"auto\"><span class=\"NormalTextRun SCXW22671781 BCX0\">In einer zunehmend vernetzten Welt sollte niemand au\u00dfen vor bleiben. <strong>Digitale Barrierefreiheit<\/strong>bedeutet, jedem die M\u00f6glichkeit zu geben, Ihre Inhalte zu nutzen, zu verstehen und mit ihnen zu interagieren, unabh\u00e4ngig von seinen F\u00e4higkeiten oder besonderen Bed\u00fcrfnissen. Es geht darum, Erlebnisse zu schaffen, die die menschliche Vielfalt einbeziehen, anstatt sie auszublenden.<\/span><\/span><\/p>\t\t\t\t\t\t\t\t<\/div>\n\t\t\t\t<\/div>\n\t\t\t\t<div class=\"elementor-element elementor-element-8448c2e elementor-widget elementor-widget-heading\" data-id=\"8448c2e\" data-element_type=\"widget\" data-e-type=\"widget\" data-widget_type=\"heading.default\">\n\t\t\t\t<div class=\"elementor-widget-container\">\n\t\t\t\t\t<h3 class=\"elementor-heading-title elementor-size-default\">Eine sinnvolle Investition f\u00fcr Ihr Unternehmen<\/h3>\t\t\t\t<\/div>\n\t\t\t\t<\/div>\n\t\t\t\t<div class=\"elementor-element elementor-element-eda6ad5 elementor-widget elementor-widget-text-editor\" data-id=\"eda6ad5\" data-element_type=\"widget\" data-e-type=\"widget\" data-widget_type=\"text-editor.default\">\n\t\t\t\t<div class=\"elementor-widget-container\">\n\t\t\t\t\t\t\t\t\t<div class=\"s-whitespace-pre-wrap s-break-words s-font-normal first:s-pt-0 last:s-pb-0 s-py-1 @md:s-py-2 @md:s-leading-7 s-text-base s-leading-7 s-text-foreground dark:s-text-foreground-night\">Wenn Sie Ihre Inhalte barrierefrei gestalten, schaffen Sie bessere digitale Erlebnisse f\u00fcr alle. <strong>Digitale Barrierefreiheit verbessert das Erlebnis f\u00fcr alle Ihre Nutzer<\/strong>. Au\u00dferdem st\u00e4rkt dies Ihr Markenimage als verantwortungsbewusstes und integratives Unternehmen \u2013 Werte, die f\u00fcr Ihre Kunden und Partner immer wichtiger werden.<\/div>\t\t\t\t\t\t\t\t<\/div>\n\t\t\t\t<\/div>\n\t\t\t\t<div class=\"elementor-element elementor-element-3aa6dea elementor-widget elementor-widget-heading\" data-id=\"3aa6dea\" data-element_type=\"widget\" data-e-type=\"widget\" data-widget_type=\"heading.default\">\n\t\t\t\t<div class=\"elementor-widget-container\">\n\t\t\t\t\t<h3 class=\"elementor-heading-title elementor-size-default\">Und nat\u00fcrlich ist das auch gesetzlich vorgeschrieben<\/h3>\t\t\t\t<\/div>\n\t\t\t\t<\/div>\n\t\t\t\t<div class=\"elementor-element elementor-element-3a5d8f6 elementor-widget elementor-widget-text-editor\" data-id=\"3a5d8f6\" data-element_type=\"widget\" data-e-type=\"widget\" data-widget_type=\"text-editor.default\">\n\t\t\t\t<div class=\"elementor-widget-container\">\n\t\t\t\t\t\t\t\t\t<div class=\"s-whitespace-pre-wrap s-break-words s-font-normal first:s-pt-0 last:s-pb-0 s-py-1 @md:s-py-2 @md:s-leading-7 s-text-base s-leading-7 s-text-foreground dark:s-text-foreground-night\"><div class=\"s-whitespace-pre-wrap s-break-words s-font-normal first:s-pt-0 last:s-pb-0 s-py-1 @md:s-py-2 @md:s-leading-7 s-text-base s-leading-7 s-text-foreground dark:s-text-foreground-night\">Abgesehen von den Auswirkungen auf den Menschen ist die<strong>digitale Barrierefreiheit mittlerweile eine gesetzliche Verpflichtung<\/strong> in Frankreich und in vielen anderen L\u00e4ndern. Anstatt sich damit abzufinden, warum machen Sie daraus nicht einen Vorteil, der Sie von Ihren Mitbewerbern abhebt?<\/div><\/div>\t\t\t\t\t\t\t\t<\/div>\n\t\t\t\t<\/div>\n\t\t\t\t\t<\/div>\n\t\t\t\t<\/div>\n\t\t<div class=\"elementor-element elementor-element-44b9ce4 e-flex e-con-boxed e-con e-parent\" data-id=\"44b9ce4\" data-element_type=\"container\" data-e-type=\"container\" data-settings=\"{&quot;background_background&quot;:&quot;classic&quot;}\">\n\t\t\t\t\t<div class=\"e-con-inner\">\n\t\t\t\t<div class=\"elementor-element elementor-element-cf5aea5 titre_2_2lignes_inte elementor-widget elementor-widget-heading\" data-id=\"cf5aea5\" data-element_type=\"widget\" data-e-type=\"widget\" data-widget_type=\"heading.default\">\n\t\t\t\t<div class=\"elementor-widget-container\">\n\t\t\t\t\t<h2 class=\"elementor-heading-title elementor-size-default\">Unsere Dienstleistungen im Bereich <span style=\"color: #253B2F\">digitale Barrierefreiheit\n<\/span><\/h2>\t\t\t\t<\/div>\n\t\t\t\t<\/div>\n\t\t\t\t<div class=\"elementor-element elementor-element-21f7327 elementor-widget elementor-widget-html\" data-id=\"21f7327\" data-element_type=\"widget\" data-e-type=\"widget\" data-widget_type=\"html.default\">\n\t\t\t\t<div class=\"elementor-widget-container\">\n\t\t\t\t\t<style>\r\n.accessibility-cards-container {\r\n    display: grid !important;\r\n    grid-template-columns: repeat(2, 1fr) !important;\r\n    gap: 25px !important;\r\n    width: 100%;\r\n    max-width: 1000px;\r\n    margin: 0 auto;\r\n}\r\n\r\n.accessibility-card {\r\n    background: #ffffff;\r\n    border-radius: 8px;\r\n    box-shadow: 0 2px 8px rgba(0, 0, 0, 0.1);\r\n    transition: all 0.3s ease;\r\n    overflow: hidden;\r\n    border: 1px solid #e8e8e8;\r\n    display: flex;\r\n    flex-direction: column;\r\n}\r\n\r\n.accessibility-card:hover {\r\n    transform: translateY(-8px);\r\n    box-shadow: 0 8px 20px rgba(37, 59, 47, 0.12);\r\n}\r\n\r\n.card-header {\r\n    padding: 30px 25px 25px;\r\n    position: relative;\r\n    min-height: 180px;\r\n    display: flex;\r\n    flex-direction: column;\r\n    justify-content: flex-end;\r\n}\r\n\r\n.card-header::after {\r\n    content: '';\r\n    position: absolute;\r\n    top: 0;\r\n    left: 0;\r\n    right: 0;\r\n    bottom: 0;\r\n    background-size: cover;\r\n    background-position: center;\r\n    background-repeat: no-repeat;\r\n    filter: grayscale(100%);\r\n    z-index: 0;\r\n    transition: filter 0.3s ease;\r\n}\r\n\r\n.accessibility-card:hover .card-header::after {\r\n    filter: grayscale(0%);\r\n}\r\n\r\n.card-header::before {\r\n    content: '';\r\n    position: absolute;\r\n    top: 0;\r\n    left: 0;\r\n    right: 0;\r\n    bottom: 0;\r\n    background: rgba(0, 0, 0, 0.4);\r\n    z-index: 1;\r\n}\r\n\r\n.card-header h3 {\r\n    color: #ffffff;\r\n    font-size: 20px;\r\n    font-weight: 700;\r\n    margin: 0;\r\n    line-height: 1.3;\r\n    z-index: 2;\r\n    text-shadow: 0 2px 4px rgba(0, 0, 0, 0.3);\r\n}\r\n\r\n.card-body {\r\n    padding: 25px;\r\n    display: flex;\r\n    flex-direction: column;\r\n    flex-grow: 1;\r\n}\r\n\r\n.card-description {\r\n    color: #666;\r\n    font-size: 14px;\r\n    line-height: 1.6;\r\n    margin-bottom: 20px;\r\n}\r\n\r\n.recommended-uses {\r\n    background: #f8f9fa;\r\n    padding: 15px;\r\n    border-radius: 8px;\r\n    margin-top: auto;\r\n}\r\n\r\n.recommended-uses h4 {\r\n    color: #253B2F;\r\n    font-size: 13px;\r\n    font-weight: 700;\r\n    margin: 0 0 10px 0;\r\n    text-transform: uppercase;\r\n    letter-spacing: 0.5px;\r\n}\r\n\r\n.uses-list {\r\n    display: flex;\r\n    flex-wrap: wrap;\r\n    gap: 6px;\r\n    margin: 0;\r\n    padding: 0;\r\n    list-style: none;\r\n}\r\n\r\n.uses-list li {\r\n    background: white;\r\n    padding: 5px 10px;\r\n    border-radius: 4px;\r\n    font-size: 12px;\r\n    color: #253B2F;\r\n    border: 1px solid #e0e0e0;\r\n}\r\n\r\n.card-web::after {\r\n    background-image: url('https:\/\/www.europatrad.eu\/wp-content\/uploads\/2026\/02\/generated-image-1772105706712.jpg');\r\n}\r\n\r\n.card-audiovisuel::after {\r\n    background-image: url('https:\/\/www.europatrad.eu\/wp-content\/uploads\/2026\/02\/generated-image-1772105991041.jpg');\r\n}\r\n\r\n.card-falc::after {\r\n    background-image: url('https:\/\/www.europatrad.eu\/wp-content\/uploads\/2026\/02\/generated-image-1772106436981.jpg');\r\n}\r\n\r\n.card-audit::after {\r\n    background-image: url('https:\/\/www.europatrad.eu\/wp-content\/uploads\/2026\/02\/john-flpc9-vocj4-unsplash.jpg');\r\n}\r\n\r\n@media (max-width: 992px) {\r\n    .accessibility-cards-container {\r\n        grid-template-columns: 1fr !important;\r\n        max-width: 600px;\r\n    }\r\n}\r\n<\/style>\r\n\r\n<div class=\"accessibility-cards-container\">\r\n    \r\n    <div class=\"accessibility-card\">\r\n        <div class=\"card-header card-web\">\r\n            <h3>Sites web et documents accessibles<\/h3>\r\n        <\/div>\r\n        <div class=\"card-body\">\r\n            <p class=\"card-description\">\r\n                Transformez vos sites web, PDF et documents num\u00e9riques selon les standards WCAG pour une navigation fluide et intuitive. Nous optimisons la structure, les contrastes, la navigation au clavier et ajoutons les descriptions alternatives n\u00e9cessaires.\r\n            <\/p>\r\n            <div class=\"recommended-uses\">\r\n                <h4>Exemples d'usages :<\/h4>\r\n                <ul class=\"uses-list\">\r\n                    <li>Sites web<\/li>\r\n                    <li>Documents officiels<\/li>\r\n                    <li>Rapports annuels<\/li>\r\n                    <li>Formulaires en ligne<\/li>\r\n                <\/ul>\r\n            <\/div>\r\n        <\/div>\r\n    <\/div>\r\n\r\n    <div class=\"accessibility-card\">\r\n        <div class=\"card-header card-audiovisuel\">\r\n            <h3>Services audiovisuels inclusifs<\/h3>\r\n        <\/div>\r\n        <div class=\"card-body\">\r\n            <p class=\"card-description\">\r\n                Rendez vos contenus vid\u00e9o accessibles gr\u00e2ce au sous-titrage pour sourds et malentendants (SME) et \u00e0 l'audiodescription multilingue.\r\n            <\/p>\r\n            <div class=\"recommended-uses\">\r\n                <h4>Exemples d'usages :<\/h4>\r\n                <ul class=\"uses-list\">\r\n                    <li>Formations en ligne<\/li>\r\n                    <li>Webinaires<\/li>\r\n                    <li>Campagnes marketing<\/li>\r\n                <\/ul>\r\n            <\/div>\r\n        <\/div>\r\n    <\/div>\r\n\r\n    <div class=\"accessibility-card\">\r\n        <div class=\"card-header card-falc\">\r\n            <h3>Adaptation FALC multilingue<\/h3>\r\n        <\/div>\r\n        <div class=\"card-body\">\r\n            <p class=\"card-description\">\r\n                Simplifiez vos textes complexes en format \"Facile \u00c0 Lire et \u00e0 Comprendre\" pour les rendre accessibles aux personnes en situation de handicap intellectuel, dyslexiques, ou non-francophones.\r\n            <\/p>\r\n            <div class=\"recommended-uses\">\r\n                <h4>Exemples d'usages :<\/h4>\r\n                <ul class=\"uses-list\">\r\n                    <li>Proc\u00e9dures internes<\/li>\r\n                    <li>Guides utilisateur<\/li>\r\n                    <li>Communications RH<\/li>\r\n                    <li>Documents administratifs<\/li>\r\n                <\/ul>\r\n            <\/div>\r\n        <\/div>\r\n    <\/div>\r\n\r\n    <div class=\"accessibility-card\">\r\n        <div class=\"card-header card-audit\">\r\n            <h3>Audit et conseil en accessibilit\u00e9<\/h3>\r\n        <\/div>\r\n        <div class=\"card-body\">\r\n            <p class=\"card-description\">\r\n                \u00c9valuons l'accessibilit\u00e9 de vos contenus actuels et vous accompagnons dans la mise en place d'une strat\u00e9gie d'inclusion num\u00e9rique adapt\u00e9e \u00e0 vos besoins et contraintes.\r\n            <\/p>\r\n            <div class=\"recommended-uses\">\r\n                <h4>Exemples d'usages :<\/h4>\r\n                <ul class=\"uses-list\">\r\n                    <li>Diagnostic initial<\/li>\r\n                    <li>Formation \u00e9quipes<\/li>\r\n                    <li>Strat\u00e9gie long terme<\/li>\r\n                    <li>Mise en conformit\u00e9<\/li>\r\n                <\/ul>\r\n            <\/div>\r\n        <\/div>\r\n    <\/div>\r\n\r\n<\/div>\t\t\t\t<\/div>\n\t\t\t\t<\/div>\n\t\t\t\t\t<\/div>\n\t\t\t\t<\/div>\n\t\t<div class=\"elementor-element elementor-element-b9df5c9 bg_blend_noir bg_noir e-flex e-con-boxed e-con e-parent\" data-id=\"b9df5c9\" data-element_type=\"container\" data-e-type=\"container\" data-settings=\"{&quot;background_background&quot;:&quot;classic&quot;}\">\n\t\t\t\t\t<div class=\"e-con-inner\">\n\t\t\t\t<div class=\"elementor-element elementor-element-66850f5 titre_2 txt_blanc elementor-widget elementor-widget-heading\" data-id=\"66850f5\" data-element_type=\"widget\" data-e-type=\"widget\" data-widget_type=\"heading.default\">\n\t\t\t\t<div class=\"elementor-widget-container\">\n\t\t\t\t\t<h2 class=\"elementor-heading-title elementor-size-default\"><span>Bist du bereit, einen gro\u00dfen Schritt in Richtung Inklusion zu machen?\n<\/span><\/h2>\t\t\t\t<\/div>\n\t\t\t\t<\/div>\n\t\t<div class=\"elementor-element elementor-element-e1d3999 e-con-full e-flex e-con e-child\" data-id=\"e1d3999\" data-element_type=\"container\" data-e-type=\"container\">\n\t\t\t\t<div class=\"elementor-element elementor-element-e314e10 titre_sub txt_blanc elementor-widget elementor-widget-heading\" data-id=\"e314e10\" data-element_type=\"widget\" data-e-type=\"widget\" data-widget_type=\"heading.default\">\n\t\t\t\t<div class=\"elementor-widget-container\">\n\t\t\t\t\t<div class=\"elementor-heading-title elementor-size-default\">M\u00f6chten Sie Ihre Inhalte Ihrem gesamten Publikum zug\u00e4nglich machen?  <\/div>\t\t\t\t<\/div>\n\t\t\t\t<\/div>\n\t\t\t\t<div class=\"elementor-element elementor-element-3fb597d btn_color1 elementor-mobile_extra-align-center elementor-widget elementor-widget-button\" data-id=\"3fb597d\" data-element_type=\"widget\" data-e-type=\"widget\" data-widget_type=\"button.default\">\n\t\t\t\t<div class=\"elementor-widget-container\">\n\t\t\t\t\t\t\t\t\t<div class=\"elementor-button-wrapper\">\n\t\t\t\t\t<a class=\"elementor-button elementor-button-link elementor-size-sm\" href=\"https:\/\/europatrad.pipedrive.com\/scheduler\/4xxolGuq\/moment-dechange\">\n\t\t\t\t\t\t<span class=\"elementor-button-content-wrapper\">\n\t\t\t\t\t\t\t\t\t<span class=\"elementor-button-text\">Mit einem Experten sprechen<\/span>\n\t\t\t\t\t<\/span>\n\t\t\t\t\t<\/a>\n\t\t\t\t<\/div>\n\t\t\t\t\t\t\t\t<\/div>\n\t\t\t\t<\/div>\n\t\t\t\t<\/div>\n\t\t\t\t\t<\/div>\n\t\t\t\t<\/div>\n\t\t<div class=\"elementor-element elementor-element-1acfe401 e-flex e-con-boxed e-con e-parent\" data-id=\"1acfe401\" data-element_type=\"container\" data-e-type=\"container\">\n\t\t\t\t\t<div class=\"e-con-inner\">\n\t\t\t\t<div class=\"elementor-element elementor-element-6afd86ac titre_2_2lignes_inte elementor-widget elementor-widget-heading\" data-id=\"6afd86ac\" data-element_type=\"widget\" data-e-type=\"widget\" data-widget_type=\"heading.default\">\n\t\t\t\t<div class=\"elementor-widget-container\">\n\t\t\t\t\t<h2 class=\"elementor-heading-title elementor-size-default\">Warum sollten Sie sich bei Ihrer<span style=\"color: #253B2F\">digitalen Barrierefreiheitf\u00fcr EuropaTrad entscheiden? <\/span> <\/h2>\t\t\t\t<\/div>\n\t\t\t\t<\/div>\n\t\t\t\t<div class=\"elementor-element elementor-element-47e1cdbe titre_medium elementor-widget elementor-widget-text-editor\" data-id=\"47e1cdbe\" data-element_type=\"widget\" data-e-type=\"widget\" data-widget_type=\"text-editor.default\">\n\t\t\t\t<div class=\"elementor-widget-container\">\n\t\t\t\t\t\t\t\t\t<div class=\"s-whitespace-pre-wrap s-break-words s-font-normal first:s-pt-0 last:s-pb-0 s-py-1 @md:s-py-2 @md:s-leading-7 s-text-base s-leading-7 s-text-foreground dark:s-text-foreground-night\">Sie fragen sich bestimmt: \u201e<em>Warum sollte ich f\u00fcr die Barrierefreiheit eine \u00dcbersetzungsagentur beauftragen?<\/em>\u201c<\/div><div> <\/div><div class=\"s-whitespace-pre-wrap s-break-words s-font-normal first:s-pt-0 last:s-pb-0 s-py-1 @md:s-py-2 @md:s-leading-7 s-text-base s-leading-7 s-text-foreground dark:s-text-foreground-night\">Digitale Barrierefreiheit l\u00e4sst sich als eine Sprache betrachten, und <strong class=\"s-font-semibold s-text-foreground dark:s-text-foreground-night\">wer k\u00f6nnte diese Sprache besser beherrschen als eine \u00dcbersetzungsagentur<\/strong> ?<\/div><div> <\/div><div class=\"s-whitespace-pre-wrap s-break-words s-font-normal first:s-pt-0 last:s-pb-0 s-py-1 @md:s-py-2 @md:s-leading-7 s-text-base s-leading-7 s-text-foreground dark:s-text-foreground-night\">Wir bei EuropaTrad wissen, dass jede Zielgruppe ihre eigenen Konventionen, spezifischen Bed\u00fcrfnisse und ihre eigene Art hat, Informationen aufzunehmen. Seit Jahren unterst\u00fctzen wir Unternehmen dabei, ihre Botschaften so anzupassen, dass sie bei Menschen verschiedener Kulturen und Sprachen Anklang finden.<\/div><div> <\/div><div class=\"s-whitespace-pre-wrap s-break-words s-font-normal first:s-pt-0 last:s-pb-0 s-py-1 @md:s-py-2 @md:s-leading-7 s-text-base s-leading-7 s-text-foreground dark:s-text-foreground-night\">Bei der Barrierefreiheit geht es genau darum: <strong class=\"s-font-semibold s-text-foreground dark:s-text-foreground-night\">Ihre Inhalte so anzupassen, dass sie von allen verstanden werden<\/strong>, unabh\u00e4ngig von einer Behinderung oder den Sprachkenntnissen.<\/div><div> <\/div><div class=\"s-whitespace-pre-wrap s-break-words s-font-normal first:s-pt-0 last:s-pb-0 s-py-1 @md:s-py-2 @md:s-leading-7 s-text-base s-leading-7 s-text-foreground dark:s-text-foreground-night\"><strong class=\"s-font-semibold s-text-foreground dark:s-text-foreground-night\">Unsere mehrsprachige Kompetenz wird zu Ihrem Vorteil:<\/strong> Wir machen Ihre Inhalte nicht nur zug\u00e4nglich, sondern k\u00f6nnen dies auch in allen Sprachen Ihrer Zielgruppen tun.<\/div>\t\t\t\t\t\t\t\t<\/div>\n\t\t\t\t<\/div>\n\t\t\t\t\t<\/div>\n\t\t\t\t<\/div>\n\t\t<div class=\"elementor-element elementor-element-6aebd4e e-con-full e-flex e-con e-parent\" data-id=\"6aebd4e\" data-element_type=\"container\" data-e-type=\"container\">\n\t\t\t\t<div class=\"elementor-element elementor-element-06c9ffa elementor-widget elementor-widget-template\" data-id=\"06c9ffa\" data-element_type=\"widget\" data-e-type=\"widget\" data-widget_type=\"template.default\">\n\t\t\t\t<div class=\"elementor-widget-container\">\n\t\t\t\t\t\t\t<div class=\"elementor-template\">\n\t\t\t\t\t<div data-elementor-type=\"container\" data-elementor-id=\"13566\" class=\"elementor elementor-13566 elementor-2920 elementor-2920\" data-elementor-post-type=\"elementor_library\">\n\t\t\t\t<div class=\"elementor-element elementor-element-2efa557f e-flex e-con-boxed e-con e-parent\" data-id=\"2efa557f\" data-element_type=\"container\" data-e-type=\"container\" data-settings=\"{&quot;background_background&quot;:&quot;classic&quot;}\">\n\t\t\t\t\t<div class=\"e-con-inner\">\n\t\t\t\t<div class=\"elementor-element elementor-element-650e163 titre_1_inte elementor-widget elementor-widget-heading\" data-id=\"650e163\" data-element_type=\"widget\" data-e-type=\"widget\" data-widget_type=\"heading.default\">\n\t\t\t\t<div class=\"elementor-widget-container\">\n\t\t\t\t\t<h2 class=\"elementor-heading-title elementor-size-default\"><p style=\"text-align: center\">Wir \u00fcbersetzen <span class=\"txt_color1\">in \u00fcber 60 Sprachen <\/span><\/h2>\t\t\t\t<\/div>\n\t\t\t\t<\/div>\n\t\t<div class=\"elementor-element elementor-element-3b7f9bb e-con-full blocs_all_btn e-flex e-con e-child\" data-id=\"3b7f9bb\" data-element_type=\"container\" data-e-type=\"container\">\n\t\t\t\t<div class=\"elementor-element elementor-element-2268bfe6 btn_border_color1 elementor-widget elementor-widget-button\" data-id=\"2268bfe6\" data-element_type=\"widget\" data-e-type=\"widget\" data-widget_type=\"button.default\">\n\t\t\t\t<div class=\"elementor-widget-container\">\n\t\t\t\t\t\t\t\t\t<div class=\"elementor-button-wrapper\">\n\t\t\t\t\t<a class=\"elementor-button elementor-button-link elementor-size-sm\" href=\"https:\/\/www.europatrad.eu\/de\/romanische-sprachen\/\">\n\t\t\t\t\t\t<span class=\"elementor-button-content-wrapper\">\n\t\t\t\t\t\t<span class=\"elementor-button-icon\">\n\t\t\t\t<svg xmlns=\"http:\/\/www.w3.org\/2000\/svg\" id=\"uuid-f0ed4996-9b27-4c4c-9164-482718cd258f\" viewBox=\"0 0 11.79 17.87\"><path id=\"uuid-4fad5240-6ed6-4f61-ab86-113eb4d04834\" d=\"m3.63,17.48c-.54.53-1.4.53-1.93,0l-1.29-1.26c-.52-.5-.54-1.33-.04-1.86.01-.01.03-.03.04-.04l5.5-5.39L.4,3.55c-.52-.5-.54-1.33-.04-1.86.01-.01.02-.02.04-.04L1.69.39C2.23-.13,3.09-.13,3.63.39l7.76,7.59c.53.5.55,1.34.04,1.86-.01.01-.02.02-.03.04l-7.77,7.59Z\"><\/path><\/svg>\t\t\t<\/span>\n\t\t\t\t\t\t\t\t\t<span class=\"elementor-button-text\">Romanische Sprachen\n        <\/span>\n\t\t\t\t\t<\/span>\n\t\t\t\t\t<\/a>\n\t\t\t\t<\/div>\n\t\t\t\t\t\t\t\t<\/div>\n\t\t\t\t<\/div>\n\t\t\t\t<div class=\"elementor-element elementor-element-f667953 btn_border_color1 elementor-widget elementor-widget-button\" data-id=\"f667953\" data-element_type=\"widget\" data-e-type=\"widget\" data-widget_type=\"button.default\">\n\t\t\t\t<div class=\"elementor-widget-container\">\n\t\t\t\t\t\t\t\t\t<div class=\"elementor-button-wrapper\">\n\t\t\t\t\t<a class=\"elementor-button elementor-button-link elementor-size-sm\" href=\"https:\/\/www.europatrad.eu\/de\/asiatische-sprachen\/\">\n\t\t\t\t\t\t<span class=\"elementor-button-content-wrapper\">\n\t\t\t\t\t\t<span class=\"elementor-button-icon\">\n\t\t\t\t<svg xmlns=\"http:\/\/www.w3.org\/2000\/svg\" id=\"uuid-f0ed4996-9b27-4c4c-9164-482718cd258f\" viewBox=\"0 0 11.79 17.87\"><path id=\"uuid-4fad5240-6ed6-4f61-ab86-113eb4d04834\" d=\"m3.63,17.48c-.54.53-1.4.53-1.93,0l-1.29-1.26c-.52-.5-.54-1.33-.04-1.86.01-.01.03-.03.04-.04l5.5-5.39L.4,3.55c-.52-.5-.54-1.33-.04-1.86.01-.01.02-.02.04-.04L1.69.39C2.23-.13,3.09-.13,3.63.39l7.76,7.59c.53.5.55,1.34.04,1.86-.01.01-.02.02-.03.04l-7.77,7.59Z\"><\/path><\/svg>\t\t\t<\/span>\n\t\t\t\t\t\t\t\t\t<span class=\"elementor-button-text\">Asiatische Sprachen\n        <\/span>\n\t\t\t\t\t<\/span>\n\t\t\t\t\t<\/a>\n\t\t\t\t<\/div>\n\t\t\t\t\t\t\t\t<\/div>\n\t\t\t\t<\/div>\n\t\t\t\t<div class=\"elementor-element elementor-element-7451de9f btn_border_color1 elementor-widget elementor-widget-button\" data-id=\"7451de9f\" data-element_type=\"widget\" data-e-type=\"widget\" data-widget_type=\"button.default\">\n\t\t\t\t<div class=\"elementor-widget-container\">\n\t\t\t\t\t\t\t\t\t<div class=\"elementor-button-wrapper\">\n\t\t\t\t\t<a class=\"elementor-button elementor-button-link elementor-size-sm\" href=\"https:\/\/www.europatrad.eu\/de\/osteuropaeische-sprachen\/\">\n\t\t\t\t\t\t<span class=\"elementor-button-content-wrapper\">\n\t\t\t\t\t\t<span class=\"elementor-button-icon\">\n\t\t\t\t<svg xmlns=\"http:\/\/www.w3.org\/2000\/svg\" id=\"uuid-f0ed4996-9b27-4c4c-9164-482718cd258f\" viewBox=\"0 0 11.79 17.87\"><path id=\"uuid-4fad5240-6ed6-4f61-ab86-113eb4d04834\" d=\"m3.63,17.48c-.54.53-1.4.53-1.93,0l-1.29-1.26c-.52-.5-.54-1.33-.04-1.86.01-.01.03-.03.04-.04l5.5-5.39L.4,3.55c-.52-.5-.54-1.33-.04-1.86.01-.01.02-.02.04-.04L1.69.39C2.23-.13,3.09-.13,3.63.39l7.76,7.59c.53.5.55,1.34.04,1.86-.01.01-.02.02-.03.04l-7.77,7.59Z\"><\/path><\/svg>\t\t\t<\/span>\n\t\t\t\t\t\t\t\t\t<span class=\"elementor-button-text\">Osteurop\u00e4ische Sprachen\n        <\/span>\n\t\t\t\t\t<\/span>\n\t\t\t\t\t<\/a>\n\t\t\t\t<\/div>\n\t\t\t\t\t\t\t\t<\/div>\n\t\t\t\t<\/div>\n\t\t\t\t<div class=\"elementor-element elementor-element-7948d2ef btn_border_color1 elementor-widget elementor-widget-button\" data-id=\"7948d2ef\" data-element_type=\"widget\" data-e-type=\"widget\" data-widget_type=\"button.default\">\n\t\t\t\t<div class=\"elementor-widget-container\">\n\t\t\t\t\t\t\t\t\t<div class=\"elementor-button-wrapper\">\n\t\t\t\t\t<a class=\"elementor-button elementor-button-link elementor-size-sm\" href=\"https:\/\/www.europatrad.eu\/de\/nordische-sprachen\/\">\n\t\t\t\t\t\t<span class=\"elementor-button-content-wrapper\">\n\t\t\t\t\t\t<span class=\"elementor-button-icon\">\n\t\t\t\t<svg xmlns=\"http:\/\/www.w3.org\/2000\/svg\" id=\"uuid-f0ed4996-9b27-4c4c-9164-482718cd258f\" viewBox=\"0 0 11.79 17.87\"><path id=\"uuid-4fad5240-6ed6-4f61-ab86-113eb4d04834\" d=\"m3.63,17.48c-.54.53-1.4.53-1.93,0l-1.29-1.26c-.52-.5-.54-1.33-.04-1.86.01-.01.03-.03.04-.04l5.5-5.39L.4,3.55c-.52-.5-.54-1.33-.04-1.86.01-.01.02-.02.04-.04L1.69.39C2.23-.13,3.09-.13,3.63.39l7.76,7.59c.53.5.55,1.34.04,1.86-.01.01-.02.02-.03.04l-7.77,7.59Z\"><\/path><\/svg>\t\t\t<\/span>\n\t\t\t\t\t\t\t\t\t<span class=\"elementor-button-text\">Nordeurop\u00e4ische Sprachen\n        <\/span>\n\t\t\t\t\t<\/span>\n\t\t\t\t\t<\/a>\n\t\t\t\t<\/div>\n\t\t\t\t\t\t\t\t<\/div>\n\t\t\t\t<\/div>\n\t\t\t\t<div class=\"elementor-element elementor-element-277b5975 btn_border_color1 elementor-widget elementor-widget-button\" data-id=\"277b5975\" data-element_type=\"widget\" data-e-type=\"widget\" data-widget_type=\"button.default\">\n\t\t\t\t<div class=\"elementor-widget-container\">\n\t\t\t\t\t\t\t\t\t<div class=\"elementor-button-wrapper\">\n\t\t\t\t\t<a class=\"elementor-button elementor-button-link elementor-size-sm\" href=\"https:\/\/www.europatrad.eu\/de\/germanische-sprachen\/\">\n\t\t\t\t\t\t<span class=\"elementor-button-content-wrapper\">\n\t\t\t\t\t\t<span class=\"elementor-button-icon\">\n\t\t\t\t<svg xmlns=\"http:\/\/www.w3.org\/2000\/svg\" id=\"uuid-f0ed4996-9b27-4c4c-9164-482718cd258f\" viewBox=\"0 0 11.79 17.87\"><path id=\"uuid-4fad5240-6ed6-4f61-ab86-113eb4d04834\" d=\"m3.63,17.48c-.54.53-1.4.53-1.93,0l-1.29-1.26c-.52-.5-.54-1.33-.04-1.86.01-.01.03-.03.04-.04l5.5-5.39L.4,3.55c-.52-.5-.54-1.33-.04-1.86.01-.01.02-.02.04-.04L1.69.39C2.23-.13,3.09-.13,3.63.39l7.76,7.59c.53.5.55,1.34.04,1.86-.01.01-.02.02-.03.04l-7.77,7.59Z\"><\/path><\/svg>\t\t\t<\/span>\n\t\t\t\t\t\t\t\t\t<span class=\"elementor-button-text\">Germanische Sprachen\n        <\/span>\n\t\t\t\t\t<\/span>\n\t\t\t\t\t<\/a>\n\t\t\t\t<\/div>\n\t\t\t\t\t\t\t\t<\/div>\n\t\t\t\t<\/div>\n\t\t\t\t<div class=\"elementor-element elementor-element-4f779e38 btn_border_color1 elementor-widget elementor-widget-button\" data-id=\"4f779e38\" data-element_type=\"widget\" data-e-type=\"widget\" data-widget_type=\"button.default\">\n\t\t\t\t<div class=\"elementor-widget-container\">\n\t\t\t\t\t\t\t\t\t<div class=\"elementor-button-wrapper\">\n\t\t\t\t\t<a class=\"elementor-button elementor-button-link elementor-size-sm\" href=\"https:\/\/www.europatrad.eu\/de\/andere-sprachen\/\">\n\t\t\t\t\t\t<span class=\"elementor-button-content-wrapper\">\n\t\t\t\t\t\t<span class=\"elementor-button-icon\">\n\t\t\t\t<svg xmlns=\"http:\/\/www.w3.org\/2000\/svg\" id=\"uuid-f0ed4996-9b27-4c4c-9164-482718cd258f\" viewBox=\"0 0 11.79 17.87\"><path id=\"uuid-4fad5240-6ed6-4f61-ab86-113eb4d04834\" d=\"m3.63,17.48c-.54.53-1.4.53-1.93,0l-1.29-1.26c-.52-.5-.54-1.33-.04-1.86.01-.01.03-.03.04-.04l5.5-5.39L.4,3.55c-.52-.5-.54-1.33-.04-1.86.01-.01.02-.02.04-.04L1.69.39C2.23-.13,3.09-.13,3.63.39l7.76,7.59c.53.5.55,1.34.04,1.86-.01.01-.02.02-.03.04l-7.77,7.59Z\"><\/path><\/svg>\t\t\t<\/span>\n\t\t\t\t\t\t\t\t\t<span class=\"elementor-button-text\">Andere Sprachen\n        <\/span>\n\t\t\t\t\t<\/span>\n\t\t\t\t\t<\/a>\n\t\t\t\t<\/div>\n\t\t\t\t\t\t\t\t<\/div>\n\t\t\t\t<\/div>\n\t\t\t\t<\/div>\n\t\t\t\t\t<\/div>\n\t\t\t\t<\/div>\n\t\t\t\t<\/div>\n\t\t\t\t<\/div>\n\t\t\t\t\t\t<\/div>\n\t\t\t\t<\/div>\n\t\t\t\t<\/div>\n\t\t<div class=\"elementor-element elementor-element-3f668979 e-flex e-con-boxed e-con e-parent\" data-id=\"3f668979\" data-element_type=\"container\" data-e-type=\"container\">\n\t\t\t\t\t<div class=\"e-con-inner\">\n\t\t\t\t<div class=\"elementor-element elementor-element-2768769b titre_1_inte elementor-widget elementor-widget-heading\" data-id=\"2768769b\" data-element_type=\"widget\" data-e-type=\"widget\" data-widget_type=\"heading.default\">\n\t\t\t\t<div class=\"elementor-widget-container\">\n\t\t\t\t\t<h2 class=\"elementor-heading-title elementor-size-default\">FAQ zur <span style=\"color: #253B2F\"> digitalen Barrierefreiheit <\/span> <\/h2>\t\t\t\t<\/div>\n\t\t\t\t<\/div>\n\t\t\t\t\t<\/div>\n\t\t\t\t<\/div>\n\t\t<div class=\"elementor-element elementor-element-7e308b7 e-flex e-con-boxed e-con e-parent\" data-id=\"7e308b7\" data-element_type=\"container\" data-e-type=\"container\">\n\t\t\t\t\t<div class=\"e-con-inner\">\n\t\t\t\t<div class=\"elementor-element elementor-element-40f5ee5  bloc_faq elementor-widget elementor-widget-accordion\" data-id=\"40f5ee5\" data-element_type=\"widget\" data-e-type=\"widget\" data-widget_type=\"accordion.default\">\n\t\t\t\t<div class=\"elementor-widget-container\">\n\t\t\t\t\t\t\t<div class=\"elementor-accordion\">\n\t\t\t\t\t\t\t<div class=\"elementor-accordion-item\">\n\t\t\t\t\t<h3 id=\"elementor-tab-title-6811\" class=\"elementor-tab-title\" data-tab=\"1\" role=\"button\" aria-controls=\"elementor-tab-content-6811\" aria-expanded=\"false\">\n\t\t\t\t\t\t\t\t\t\t\t\t\t<span class=\"elementor-accordion-icon elementor-accordion-icon-right\" aria-hidden=\"true\">\n\t\t\t\t\t\t\t\t\t\t\t\t\t\t\t<span class=\"elementor-accordion-icon-closed\"><svg xmlns=\"http:\/\/www.w3.org\/2000\/svg\" id=\"uuid-f0ed4996-9b27-4c4c-9164-482718cd258f\" viewBox=\"0 0 11.79 17.87\"><path id=\"uuid-4fad5240-6ed6-4f61-ab86-113eb4d04834\" d=\"m3.63,17.48c-.54.53-1.4.53-1.93,0l-1.29-1.26c-.52-.5-.54-1.33-.04-1.86.01-.01.03-.03.04-.04l5.5-5.39L.4,3.55c-.52-.5-.54-1.33-.04-1.86.01-.01.02-.02.04-.04L1.69.39C2.23-.13,3.09-.13,3.63.39l7.76,7.59c.53.5.55,1.34.04,1.86-.01.01-.02.02-.03.04l-7.77,7.59Z\"><\/path><\/svg><\/span>\n\t\t\t\t\t\t\t\t<span class=\"elementor-accordion-icon-opened\"><svg xmlns=\"http:\/\/www.w3.org\/2000\/svg\" id=\"uuid-f0ed4996-9b27-4c4c-9164-482718cd258f\" viewBox=\"0 0 11.79 17.87\"><path id=\"uuid-4fad5240-6ed6-4f61-ab86-113eb4d04834\" d=\"m3.63,17.48c-.54.53-1.4.53-1.93,0l-1.29-1.26c-.52-.5-.54-1.33-.04-1.86.01-.01.03-.03.04-.04l5.5-5.39L.4,3.55c-.52-.5-.54-1.33-.04-1.86.01-.01.02-.02.04-.04L1.69.39C2.23-.13,3.09-.13,3.63.39l7.76,7.59c.53.5.55,1.34.04,1.86-.01.01-.02.02-.03.04l-7.77,7.59Z\"><\/path><\/svg><\/span>\n\t\t\t\t\t\t\t\t\t\t\t\t\t\t<\/span>\n\t\t\t\t\t\t\t\t\t\t\t\t<a class=\"elementor-accordion-title\" tabindex=\"0\">Ist digitale Barrierefreiheit f\u00fcr mein Unternehmen verpflichtend?<\/a>\n\t\t\t\t\t<\/h3>\n\t\t\t\t\t<div id=\"elementor-tab-content-6811\" class=\"elementor-tab-content elementor-clearfix\" data-tab=\"1\" role=\"region\" aria-labelledby=\"elementor-tab-title-6811\"><div class=\"s-whitespace-pre-wrap s-break-words s-font-normal first:s-pt-0 last:s-pb-0 s-py-1 @md:s-py-2 @md:s-leading-7 s-text-base s-leading-7 s-text-foreground dark:s-text-foreground-night\">\n<div class=\"s-whitespace-pre-wrap s-break-words s-font-normal first:s-pt-0 last:s-pb-0 s-py-1 @md:s-py-2 @md:s-leading-7 s-text-base s-leading-7 s-text-foreground dark:s-text-foreground-night\"><strong class=\"s-font-semibold s-text-foreground dark:s-text-foreground-night\">Ja, in den meisten F\u00e4llen.<\/strong>  Seit Inkrafttreten der europ\u00e4ischen EAA-Richtlinie im Juni 2025 ist digitale Barrierefreiheit f\u00fcr private Unternehmen mit mehr als 10 Besch\u00e4ftigten oder einem Umsatz von \u00fcber 2 Millionen Euro nicht mehr freiwillig.<\/div>\n<div> <\/div>\n<div class=\"s-whitespace-pre-wrap s-break-words s-font-normal first:s-pt-0 last:s-pb-0 s-py-1 @md:s-py-2 @md:s-leading-7 s-text-base s-leading-7 s-text-foreground dark:s-text-foreground-night\">Konkret bedeutet dies, dass Ihre Websites, mobilen Apps, PDF-Dokumente, Videoinhalte und Online-Formulare den Standards f\u00fcr Barrierefreiheit entsprechen m\u00fcssen. F\u00fcr Unternehmen, die die Vorschriften nicht einhalten, k\u00f6nnen die Strafen schwerwiegend sein.<\/div>\n<div> <\/div>\n<div class=\"s-whitespace-pre-wrap s-break-words s-font-normal first:s-pt-0 last:s-pb-0 s-py-1 @md:s-py-2 @md:s-leading-7 s-text-base s-leading-7 s-text-foreground dark:s-text-foreground-night\"><em>Quelle: <span class=\"txt_color1\" style=\"text-decoration: underline;\"><strong><a class=\"s-break-all s-font-semibold s-transition-all s-duration-200 s-ease-in-out hover:s-underline s-text-highlight dark:s-text-highlight-night hover:s-text-highlight-400 dark:hover:s-text-highlight-400-night active:s-text-highlight-dark dark:active:s-text-highlight-dark-night\" title=\"https:\/\/accessibilite.numerique.gouv.fr\/\" href=\"https:\/\/accessibilite.numerique.gouv.fr\/\" target=\"_blank\" rel=\"noopener noreferrer\">Digitale Websites und Dienste f\u00fcr alle zug\u00e4nglich machen<\/a><\/strong><\/span><\/em><\/div>\n<div> <\/div>\n<div class=\"s-whitespace-pre-wrap s-break-words s-font-normal first:s-pt-0 last:s-pb-0 s-py-1 @md:s-py-2 @md:s-leading-7 s-text-base s-leading-7 s-text-foreground dark:s-text-foreground-night\"><strong class=\"s-font-semibold s-text-foreground dark:s-text-foreground-night\">Die gute Nachricht?<\/strong>  Barrierefreiheit ist nicht nur eine Auflage: Sie verbessert das Erlebnis aller Ihrer Nutzer, erweitert Ihre Zielgruppe und kann zu einem echten Wettbewerbsvorteil werden.  <\/div>\n<\/div>\n<\/div>\n\t\t\t\t<\/div>\n\t\t\t\t\t\t\t<div class=\"elementor-accordion-item\">\n\t\t\t\t\t<h3 id=\"elementor-tab-title-6812\" class=\"elementor-tab-title\" data-tab=\"2\" role=\"button\" aria-controls=\"elementor-tab-content-6812\" aria-expanded=\"false\">\n\t\t\t\t\t\t\t\t\t\t\t\t\t<span class=\"elementor-accordion-icon elementor-accordion-icon-right\" aria-hidden=\"true\">\n\t\t\t\t\t\t\t\t\t\t\t\t\t\t\t<span class=\"elementor-accordion-icon-closed\"><svg xmlns=\"http:\/\/www.w3.org\/2000\/svg\" id=\"uuid-f0ed4996-9b27-4c4c-9164-482718cd258f\" viewBox=\"0 0 11.79 17.87\"><path id=\"uuid-4fad5240-6ed6-4f61-ab86-113eb4d04834\" d=\"m3.63,17.48c-.54.53-1.4.53-1.93,0l-1.29-1.26c-.52-.5-.54-1.33-.04-1.86.01-.01.03-.03.04-.04l5.5-5.39L.4,3.55c-.52-.5-.54-1.33-.04-1.86.01-.01.02-.02.04-.04L1.69.39C2.23-.13,3.09-.13,3.63.39l7.76,7.59c.53.5.55,1.34.04,1.86-.01.01-.02.02-.03.04l-7.77,7.59Z\"><\/path><\/svg><\/span>\n\t\t\t\t\t\t\t\t<span class=\"elementor-accordion-icon-opened\"><svg xmlns=\"http:\/\/www.w3.org\/2000\/svg\" id=\"uuid-f0ed4996-9b27-4c4c-9164-482718cd258f\" viewBox=\"0 0 11.79 17.87\"><path id=\"uuid-4fad5240-6ed6-4f61-ab86-113eb4d04834\" d=\"m3.63,17.48c-.54.53-1.4.53-1.93,0l-1.29-1.26c-.52-.5-.54-1.33-.04-1.86.01-.01.03-.03.04-.04l5.5-5.39L.4,3.55c-.52-.5-.54-1.33-.04-1.86.01-.01.02-.02.04-.04L1.69.39C2.23-.13,3.09-.13,3.63.39l7.76,7.59c.53.5.55,1.34.04,1.86-.01.01-.02.02-.03.04l-7.77,7.59Z\"><\/path><\/svg><\/span>\n\t\t\t\t\t\t\t\t\t\t\t\t\t\t<\/span>\n\t\t\t\t\t\t\t\t\t\t\t\t<a class=\"elementor-accordion-title\" tabindex=\"0\">Wie schule ich mein Team in bew\u00e4hrten Verfahren zur digitalen Barrierefreiheit?<\/a>\n\t\t\t\t\t<\/h3>\n\t\t\t\t\t<div id=\"elementor-tab-content-6812\" class=\"elementor-tab-content elementor-clearfix\" data-tab=\"2\" role=\"region\" aria-labelledby=\"elementor-tab-title-6812\"><div class=\"s-whitespace-pre-wrap s-break-words s-font-normal first:s-pt-0 last:s-pb-0 s-py-1 @md:s-py-2 @md:s-leading-7 s-text-base s-leading-7 s-text-foreground dark:s-text-foreground-night\"><strong class=\"s-font-semibold s-text-foreground dark:s-text-foreground-night\">Die Schulung Ihrer Teams ist der Schl\u00fcssel zu einem nachhaltigen Ansatz f\u00fcr Barrierefreiheit.<\/strong><\/div>\n<div> <\/div>\n<div class=\"s-whitespace-pre-wrap s-break-words s-font-normal first:s-pt-0 last:s-pb-0 s-py-1 @md:s-py-2 @md:s-leading-7 s-text-base s-leading-7 s-text-foreground dark:s-text-foreground-night\">Anstatt st\u00e4ndig Korrekturen vorzunehmen, ist es besser, von Anfang an barrierefreie Inhalte zu erstellen.<\/div>\n<div> <\/div>\n<div class=\"s-whitespace-pre-wrap s-break-words s-font-normal first:s-pt-0 last:s-pb-0 s-py-1 @md:s-py-2 @md:s-leading-7 s-text-base s-leading-7 s-text-foreground dark:s-text-foreground-night\"><strong class=\"s-font-semibold s-text-foreground dark:s-text-foreground-night\">Einige bew\u00e4hrte Vorgehensweisen:<\/strong><\/div>\n<ul class=\"s-list-disc s-pb-2 s-pl-6 s-text-foreground dark:s-text-foreground-night s-text-base s-leading-7\">\n<li class=\"s-break-words s-text-foreground dark:s-text-foreground-night s-text-base s-leading-7\"><strong class=\"s-font-semibold s-text-foreground dark:s-text-foreground-night\">Redakteure<\/strong> : Strukturierung der Inhalte, textuelle Alternativen, Grunds\u00e4tze des FALC<\/li>\n<li class=\"s-break-words s-text-foreground dark:s-text-foreground-night s-text-base s-leading-7\"><strong class=\"s-font-semibold s-text-foreground dark:s-text-foreground-night\">Entwickler<\/strong> : Tastaturnavigation, Kontraste, semantische Tags<\/li>\n<li class=\"s-break-words s-text-foreground dark:s-text-foreground-night s-text-base s-leading-7\"><strong class=\"s-font-semibold s-text-foreground dark:s-text-foreground-night\">Designer<\/strong> : visuelle Hierarchie, Lesbarkeit, ausreichend gro\u00dfe Klickbereiche<\/li>\n<li class=\"s-break-words s-text-foreground dark:s-text-foreground-night s-text-base s-leading-7\"><strong class=\"s-font-semibold s-text-foreground dark:s-text-foreground-night\">Videoteams<\/strong> : Untertitelung, Audiodeskription, Transkriptionen<\/li>\n<\/ul>\n<div class=\"s-whitespace-pre-wrap s-break-words s-font-normal first:s-pt-0 last:s-pb-0 s-py-1 @md:s-py-2 @md:s-leading-7 s-text-base s-leading-7 s-text-foreground dark:s-text-foreground-night\"><strong class=\"s-font-semibold s-text-foreground dark:s-text-foreground-night\">Das Ideal?<\/strong>  Eine ma\u00dfgeschneiderte Schulung, die auf Ihre Tools und Ihren Kontext zugeschnitten ist, ist immer effektiver als ein allgemeiner Lehrgang.<\/div>\n<\/div>\n\t\t\t\t<\/div>\n\t\t\t\t\t\t\t<div class=\"elementor-accordion-item\">\n\t\t\t\t\t<h3 id=\"elementor-tab-title-6813\" class=\"elementor-tab-title\" data-tab=\"3\" role=\"button\" aria-controls=\"elementor-tab-content-6813\" aria-expanded=\"false\">\n\t\t\t\t\t\t\t\t\t\t\t\t\t<span class=\"elementor-accordion-icon elementor-accordion-icon-right\" aria-hidden=\"true\">\n\t\t\t\t\t\t\t\t\t\t\t\t\t\t\t<span class=\"elementor-accordion-icon-closed\"><svg xmlns=\"http:\/\/www.w3.org\/2000\/svg\" id=\"uuid-f0ed4996-9b27-4c4c-9164-482718cd258f\" viewBox=\"0 0 11.79 17.87\"><path id=\"uuid-4fad5240-6ed6-4f61-ab86-113eb4d04834\" d=\"m3.63,17.48c-.54.53-1.4.53-1.93,0l-1.29-1.26c-.52-.5-.54-1.33-.04-1.86.01-.01.03-.03.04-.04l5.5-5.39L.4,3.55c-.52-.5-.54-1.33-.04-1.86.01-.01.02-.02.04-.04L1.69.39C2.23-.13,3.09-.13,3.63.39l7.76,7.59c.53.5.55,1.34.04,1.86-.01.01-.02.02-.03.04l-7.77,7.59Z\"><\/path><\/svg><\/span>\n\t\t\t\t\t\t\t\t<span class=\"elementor-accordion-icon-opened\"><svg xmlns=\"http:\/\/www.w3.org\/2000\/svg\" id=\"uuid-f0ed4996-9b27-4c4c-9164-482718cd258f\" viewBox=\"0 0 11.79 17.87\"><path id=\"uuid-4fad5240-6ed6-4f61-ab86-113eb4d04834\" d=\"m3.63,17.48c-.54.53-1.4.53-1.93,0l-1.29-1.26c-.52-.5-.54-1.33-.04-1.86.01-.01.03-.03.04-.04l5.5-5.39L.4,3.55c-.52-.5-.54-1.33-.04-1.86.01-.01.02-.02.04-.04L1.69.39C2.23-.13,3.09-.13,3.63.39l7.76,7.59c.53.5.55,1.34.04,1.86-.01.01-.02.02-.03.04l-7.77,7.59Z\"><\/path><\/svg><\/span>\n\t\t\t\t\t\t\t\t\t\t\t\t\t\t<\/span>\n\t\t\t\t\t\t\t\t\t\t\t\t<a class=\"elementor-accordion-title\" tabindex=\"0\">Was ist das FALC-Format und f\u00fcr wen ist es n\u00fctzlich?<\/a>\n\t\t\t\t\t<\/h3>\n\t\t\t\t\t<div id=\"elementor-tab-content-6813\" class=\"elementor-tab-content elementor-clearfix\" data-tab=\"3\" role=\"region\" aria-labelledby=\"elementor-tab-title-6813\"><div class=\"s-whitespace-pre-wrap s-break-words s-font-normal first:s-pt-0 last:s-pb-0 s-py-1 @md:s-py-2 @md:s-leading-7 s-text-base s-leading-7 s-text-foreground dark:s-text-foreground-night\"><strong class=\"s-font-semibold s-text-foreground dark:s-text-foreground-night\">FALC (Facile \u00c0 Lire et \u00e0 Comprendre) ist eine Schreibmethode, die komplexe Texte vereinfacht<\/strong> , um sie einem m\u00f6glichst breiten Publikum zug\u00e4nglich zu machen. Es h\u00e4lt sich an klare Regeln: kurze S\u00e4tze, einfache W\u00f6rter, \u00fcbersichtliches Layout, erkl\u00e4rende Piktogramme.<\/div>\n<div> <\/div>\n<div class=\"s-whitespace-pre-wrap s-break-words s-font-normal first:s-pt-0 last:s-pb-0 s-py-1 @md:s-py-2 @md:s-leading-7 s-text-base s-leading-7 s-text-foreground dark:s-text-foreground-night\"><strong class=\"s-font-semibold s-text-foreground dark:s-text-foreground-night\">F\u00fcr wen?<\/strong><\/div>\n<ul class=\"s-list-disc s-pb-2 s-pl-6 s-text-foreground dark:s-text-foreground-night s-text-base s-leading-7\">\n<li class=\"s-break-words s-text-foreground dark:s-text-foreground-night s-text-base s-leading-7\">Menschen mit geistiger Behinderung<\/li>\n<li class=\"s-break-words s-text-foreground dark:s-text-foreground-night s-text-base s-leading-7\">Menschen mit Legasthenie<\/li>\n<li class=\"s-break-words s-text-foreground dark:s-text-foreground-night s-text-base s-leading-7\">Senioren oder Menschen mit kognitiven Beeintr\u00e4chtigungen<\/li>\n<li class=\"s-break-words s-text-foreground dark:s-text-foreground-night s-text-base s-leading-7\">Nicht-Franz\u00f6sischsprachige, die die Sprache lernen<\/li>\n<li class=\"s-break-words s-text-foreground dark:s-text-foreground-night s-text-base s-leading-7\">Jeder, der sich beim Schreiben unsicher f\u00fchlt<\/li>\n<\/ul>\n<\/div>\n\t\t\t\t<\/div>\n\t\t\t\t\t\t\t<div class=\"elementor-accordion-item\">\n\t\t\t\t\t<h3 id=\"elementor-tab-title-6814\" class=\"elementor-tab-title\" data-tab=\"4\" role=\"button\" aria-controls=\"elementor-tab-content-6814\" aria-expanded=\"false\">\n\t\t\t\t\t\t\t\t\t\t\t\t\t<span class=\"elementor-accordion-icon elementor-accordion-icon-right\" aria-hidden=\"true\">\n\t\t\t\t\t\t\t\t\t\t\t\t\t\t\t<span class=\"elementor-accordion-icon-closed\"><svg xmlns=\"http:\/\/www.w3.org\/2000\/svg\" id=\"uuid-f0ed4996-9b27-4c4c-9164-482718cd258f\" viewBox=\"0 0 11.79 17.87\"><path id=\"uuid-4fad5240-6ed6-4f61-ab86-113eb4d04834\" d=\"m3.63,17.48c-.54.53-1.4.53-1.93,0l-1.29-1.26c-.52-.5-.54-1.33-.04-1.86.01-.01.03-.03.04-.04l5.5-5.39L.4,3.55c-.52-.5-.54-1.33-.04-1.86.01-.01.02-.02.04-.04L1.69.39C2.23-.13,3.09-.13,3.63.39l7.76,7.59c.53.5.55,1.34.04,1.86-.01.01-.02.02-.03.04l-7.77,7.59Z\"><\/path><\/svg><\/span>\n\t\t\t\t\t\t\t\t<span class=\"elementor-accordion-icon-opened\"><svg xmlns=\"http:\/\/www.w3.org\/2000\/svg\" id=\"uuid-f0ed4996-9b27-4c4c-9164-482718cd258f\" viewBox=\"0 0 11.79 17.87\"><path id=\"uuid-4fad5240-6ed6-4f61-ab86-113eb4d04834\" d=\"m3.63,17.48c-.54.53-1.4.53-1.93,0l-1.29-1.26c-.52-.5-.54-1.33-.04-1.86.01-.01.03-.03.04-.04l5.5-5.39L.4,3.55c-.52-.5-.54-1.33-.04-1.86.01-.01.02-.02.04-.04L1.69.39C2.23-.13,3.09-.13,3.63.39l7.76,7.59c.53.5.55,1.34.04,1.86-.01.01-.02.02-.03.04l-7.77,7.59Z\"><\/path><\/svg><\/span>\n\t\t\t\t\t\t\t\t\t\t\t\t\t\t<\/span>\n\t\t\t\t\t\t\t\t\t\t\t\t<a class=\"elementor-accordion-title\" tabindex=\"0\">Kann man Inhalte gleichzeitig in mehreren Sprachen bereitstellen?<\/a>\n\t\t\t\t\t<\/h3>\n\t\t\t\t\t<div id=\"elementor-tab-content-6814\" class=\"elementor-tab-content elementor-clearfix\" data-tab=\"4\" role=\"region\" aria-labelledby=\"elementor-tab-title-6814\"><p><strong class=\"s-font-semibold s-text-foreground dark:s-text-foreground-night\">Auf jeden Fall, das ist sogar empfehlenswert!<\/strong><\/p>\n<p>Digitale Barrierefreiheit und \u00dcbersetzung k\u00f6nnen gleichzeitig bearbeitet werden, was die Bearbeitungszeiten verk\u00fcrzt und die Konsistenz aller Sprachversionen gew\u00e4hrleistet.<\/p>\n<p>Genau darin liegt der Vorteil, eine <span class=\"txt_color1\" style=\"text-decoration: underline;\"><strong><a href=\"https:\/\/www.europatrad.eu\/de\/\">\u00dcbersetzungsagentur<\/a><\/strong><\/span> zu beauftragen, um Ihre Inhalte in allen Sprachen zug\u00e4nglich zu machen.<\/p>\n<\/div>\n\t\t\t\t<\/div>\n\t\t\t\t\t\t\t<div class=\"elementor-accordion-item\">\n\t\t\t\t\t<h3 id=\"elementor-tab-title-6815\" class=\"elementor-tab-title\" data-tab=\"5\" role=\"button\" aria-controls=\"elementor-tab-content-6815\" aria-expanded=\"false\">\n\t\t\t\t\t\t\t\t\t\t\t\t\t<span class=\"elementor-accordion-icon elementor-accordion-icon-right\" aria-hidden=\"true\">\n\t\t\t\t\t\t\t\t\t\t\t\t\t\t\t<span class=\"elementor-accordion-icon-closed\"><svg xmlns=\"http:\/\/www.w3.org\/2000\/svg\" id=\"uuid-f0ed4996-9b27-4c4c-9164-482718cd258f\" viewBox=\"0 0 11.79 17.87\"><path id=\"uuid-4fad5240-6ed6-4f61-ab86-113eb4d04834\" d=\"m3.63,17.48c-.54.53-1.4.53-1.93,0l-1.29-1.26c-.52-.5-.54-1.33-.04-1.86.01-.01.03-.03.04-.04l5.5-5.39L.4,3.55c-.52-.5-.54-1.33-.04-1.86.01-.01.02-.02.04-.04L1.69.39C2.23-.13,3.09-.13,3.63.39l7.76,7.59c.53.5.55,1.34.04,1.86-.01.01-.02.02-.03.04l-7.77,7.59Z\"><\/path><\/svg><\/span>\n\t\t\t\t\t\t\t\t<span class=\"elementor-accordion-icon-opened\"><svg xmlns=\"http:\/\/www.w3.org\/2000\/svg\" id=\"uuid-f0ed4996-9b27-4c4c-9164-482718cd258f\" viewBox=\"0 0 11.79 17.87\"><path id=\"uuid-4fad5240-6ed6-4f61-ab86-113eb4d04834\" d=\"m3.63,17.48c-.54.53-1.4.53-1.93,0l-1.29-1.26c-.52-.5-.54-1.33-.04-1.86.01-.01.03-.03.04-.04l5.5-5.39L.4,3.55c-.52-.5-.54-1.33-.04-1.86.01-.01.02-.02.04-.04L1.69.39C2.23-.13,3.09-.13,3.63.39l7.76,7.59c.53.5.55,1.34.04,1.86-.01.01-.02.02-.03.04l-7.77,7.59Z\"><\/path><\/svg><\/span>\n\t\t\t\t\t\t\t\t\t\t\t\t\t\t<\/span>\n\t\t\t\t\t\t\t\t\t\t\t\t<a class=\"elementor-accordion-title\" tabindex=\"0\">Welche Dateiformate k\u00f6nnen Sie verarbeiten?<\/a>\n\t\t\t\t\t<\/h3>\n\t\t\t\t\t<div id=\"elementor-tab-content-6815\" class=\"elementor-tab-content elementor-clearfix\" data-tab=\"5\" role=\"region\" aria-labelledby=\"elementor-tab-title-6815\"><p data-path-to-node=\"11\">Wir beherrschen alle technischen Standards des Marktes.<\/p>\n<ul data-path-to-node=\"12\">\n<li>\n<p data-path-to-node=\"12,0,0\"><b data-path-to-node=\"12,0,0\" data-index-in-node=\"0\">Untertitel:<\/b> SRT, VTT, EBU-STL, PAC, SCC usw.<\/p>\n<\/li>\n<li>\n<p data-path-to-node=\"12,1,0\"><b data-path-to-node=\"12,1,0\" data-index-in-node=\"0\">Video:<\/b> MP4, MOV, MXF, AVI und direkte Integration in Ihre Plattformen (LMS, soziale Netzwerke).<\/p>\n<\/li>\n<li>\n<p data-path-to-node=\"12,2,0\"><b data-path-to-node=\"12,2,0\" data-index-in-node=\"0\">Audio:<\/b> WAV, MP3, AIFF in hoher Klangqualit\u00e4t. Wir k\u00f6nnen die Untertiteldateien separat liefern oder sie direkt in Ihre fertigen Videos einbrennen.<\/p>\n<\/li>\n<\/ul>\n<\/div>\n\t\t\t\t<\/div>\n\t\t\t\t\t\t\t<div class=\"elementor-accordion-item\">\n\t\t\t\t\t<h3 id=\"elementor-tab-title-6816\" class=\"elementor-tab-title\" data-tab=\"6\" role=\"button\" aria-controls=\"elementor-tab-content-6816\" aria-expanded=\"false\">\n\t\t\t\t\t\t\t\t\t\t\t\t\t<span class=\"elementor-accordion-icon elementor-accordion-icon-right\" aria-hidden=\"true\">\n\t\t\t\t\t\t\t\t\t\t\t\t\t\t\t<span class=\"elementor-accordion-icon-closed\"><svg xmlns=\"http:\/\/www.w3.org\/2000\/svg\" id=\"uuid-f0ed4996-9b27-4c4c-9164-482718cd258f\" viewBox=\"0 0 11.79 17.87\"><path id=\"uuid-4fad5240-6ed6-4f61-ab86-113eb4d04834\" d=\"m3.63,17.48c-.54.53-1.4.53-1.93,0l-1.29-1.26c-.52-.5-.54-1.33-.04-1.86.01-.01.03-.03.04-.04l5.5-5.39L.4,3.55c-.52-.5-.54-1.33-.04-1.86.01-.01.02-.02.04-.04L1.69.39C2.23-.13,3.09-.13,3.63.39l7.76,7.59c.53.5.55,1.34.04,1.86-.01.01-.02.02-.03.04l-7.77,7.59Z\"><\/path><\/svg><\/span>\n\t\t\t\t\t\t\t\t<span class=\"elementor-accordion-icon-opened\"><svg xmlns=\"http:\/\/www.w3.org\/2000\/svg\" id=\"uuid-f0ed4996-9b27-4c4c-9164-482718cd258f\" viewBox=\"0 0 11.79 17.87\"><path id=\"uuid-4fad5240-6ed6-4f61-ab86-113eb4d04834\" d=\"m3.63,17.48c-.54.53-1.4.53-1.93,0l-1.29-1.26c-.52-.5-.54-1.33-.04-1.86.01-.01.03-.03.04-.04l5.5-5.39L.4,3.55c-.52-.5-.54-1.33-.04-1.86.01-.01.02-.02.04-.04L1.69.39C2.23-.13,3.09-.13,3.63.39l7.76,7.59c.53.5.55,1.34.04,1.86-.01.01-.02.02-.03.04l-7.77,7.59Z\"><\/path><\/svg><\/span>\n\t\t\t\t\t\t\t\t\t\t\t\t\t\t<\/span>\n\t\t\t\t\t\t\t\t\t\t\t\t<a class=\"elementor-accordion-title\" tabindex=\"0\">Wie kann ich feststellen, ob meine aktuellen Inhalte den Barrierefreiheitsstandards entsprechen?<\/a>\n\t\t\t\t\t<\/h3>\n\t\t\t\t\t<div id=\"elementor-tab-content-6816\" class=\"elementor-tab-content elementor-clearfix\" data-tab=\"6\" role=\"region\" aria-labelledby=\"elementor-tab-title-6816\"><div class=\"s-whitespace-pre-wrap s-break-words s-font-normal first:s-pt-0 last:s-pb-0 s-py-1 @md:s-py-2 @md:s-leading-7 s-text-base s-leading-7 s-text-foreground dark:s-text-foreground-night\"><strong class=\"s-font-semibold s-text-foreground dark:s-text-foreground-night\">Ein professionelles Audit ist nach wie vor die zuverl\u00e4ssigste Methode<\/strong> , um die Konformit\u00e4t Ihrer Inhalte mit den WCAG- und RGAA-Standards zu \u00fcberpr\u00fcfen.<\/div>\n<div> <\/div>\n<div class=\"s-whitespace-pre-wrap s-break-words s-font-normal first:s-pt-0 last:s-pb-0 s-py-1 @md:s-py-2 @md:s-leading-7 s-text-base s-leading-7 s-text-foreground dark:s-text-foreground-night\"><strong class=\"s-font-semibold s-text-foreground dark:s-text-foreground-night\">Einige Anhaltspunkte f\u00fcr eine erste Einsch\u00e4tzung:<\/strong><\/div>\n<ul class=\"s-list-disc s-pb-2 s-pl-6 s-text-foreground dark:s-text-foreground-night s-text-base s-leading-7\">\n<li class=\"s-break-words s-text-foreground dark:s-text-foreground-night s-text-base s-leading-7\">Ist die Navigation vollst\u00e4ndig \u00fcber die Tastatur m\u00f6glich?<\/li>\n<li class=\"s-break-words s-text-foreground dark:s-text-foreground-night s-text-base s-leading-7\">Bilder mit Alternativbeschreibungen?<\/li>\n<li class=\"s-break-words s-text-foreground dark:s-text-foreground-night s-text-base s-leading-7\">Sind die Farbkontraste ausreichend?<\/li>\n<li class=\"s-break-words s-text-foreground dark:s-text-foreground-night s-text-base s-leading-7\">Videos mit Untertiteln und Transkripten?<\/li>\n<li class=\"s-break-words s-text-foreground dark:s-text-foreground-night s-text-base s-leading-7\">Strukturierte PDF-Dokumente f\u00fcr Screenreader?<\/li>\n<\/ul>\n<\/div>\n\t\t\t\t<\/div>\n\t\t\t\t\t\t\t\t\t\t<script type=\"application\/ld+json\">{\"@context\":\"https:\\\/\\\/schema.org\",\"@type\":\"FAQPage\",\"mainEntity\":[{\"@type\":\"Question\",\"name\":\"Ist digitale Barrierefreiheit f\\u00fcr mein Unternehmen verpflichtend?\",\"acceptedAnswer\":{\"@type\":\"Answer\",\"text\":\"<div class=\\\"s-whitespace-pre-wrap s-break-words s-font-normal first:s-pt-0 last:s-pb-0 s-py-1 @md:s-py-2 @md:s-leading-7 s-text-base s-leading-7 s-text-foreground dark:s-text-foreground-night\\\">\\n<div class=\\\"s-whitespace-pre-wrap s-break-words s-font-normal first:s-pt-0 last:s-pb-0 s-py-1 @md:s-py-2 @md:s-leading-7 s-text-base s-leading-7 s-text-foreground dark:s-text-foreground-night\\\"><strong class=\\\"s-font-semibold s-text-foreground dark:s-text-foreground-night\\\">Ja, in den meisten F\\u00e4llen.<\\\/strong>  Seit Inkrafttreten der europ\\u00e4ischen EAA-Richtlinie im Juni 2025 ist digitale Barrierefreiheit f\\u00fcr private Unternehmen mit mehr als 10 Besch\\u00e4ftigten oder einem Umsatz von \\u00fcber 2 Millionen Euro nicht mehr freiwillig.<\\\/div>\\n<div> <\\\/div>\\n<div class=\\\"s-whitespace-pre-wrap s-break-words s-font-normal first:s-pt-0 last:s-pb-0 s-py-1 @md:s-py-2 @md:s-leading-7 s-text-base s-leading-7 s-text-foreground dark:s-text-foreground-night\\\">Konkret bedeutet dies, dass Ihre Websites, mobilen Apps, PDF-Dokumente, Videoinhalte und Online-Formulare den Standards f\\u00fcr Barrierefreiheit entsprechen m\\u00fcssen. F\\u00fcr Unternehmen, die die Vorschriften nicht einhalten, k\\u00f6nnen die Strafen schwerwiegend sein.<\\\/div>\\n<div> <\\\/div>\\n<div class=\\\"s-whitespace-pre-wrap s-break-words s-font-normal first:s-pt-0 last:s-pb-0 s-py-1 @md:s-py-2 @md:s-leading-7 s-text-base s-leading-7 s-text-foreground dark:s-text-foreground-night\\\"><em>Quelle: <span class=\\\"txt_color1\\\" style=\\\"text-decoration: underline;\\\"><strong><a class=\\\"s-break-all s-font-semibold s-transition-all s-duration-200 s-ease-in-out hover:s-underline s-text-highlight dark:s-text-highlight-night hover:s-text-highlight-400 dark:hover:s-text-highlight-400-night active:s-text-highlight-dark dark:active:s-text-highlight-dark-night\\\" title=\\\"https:\\\/\\\/accessibilite.numerique.gouv.fr\\\/\\\" href=\\\"https:\\\/\\\/accessibilite.numerique.gouv.fr\\\/\\\" target=\\\"_blank\\\" rel=\\\"noopener noreferrer\\\">Digitale Websites und Dienste f\\u00fcr alle zug\\u00e4nglich machen<\\\/a><\\\/strong><\\\/span><\\\/em><\\\/div>\\n<div> <\\\/div>\\n<div class=\\\"s-whitespace-pre-wrap s-break-words s-font-normal first:s-pt-0 last:s-pb-0 s-py-1 @md:s-py-2 @md:s-leading-7 s-text-base s-leading-7 s-text-foreground dark:s-text-foreground-night\\\"><strong class=\\\"s-font-semibold s-text-foreground dark:s-text-foreground-night\\\">Die gute Nachricht?<\\\/strong>  Barrierefreiheit ist nicht nur eine Auflage: Sie verbessert das Erlebnis aller Ihrer Nutzer, erweitert Ihre Zielgruppe und kann zu einem echten Wettbewerbsvorteil werden.  <\\\/div>\\n<\\\/div>\\n\"}},{\"@type\":\"Question\",\"name\":\"Wie schule ich mein Team in bew\\u00e4hrten Verfahren zur digitalen Barrierefreiheit?\",\"acceptedAnswer\":{\"@type\":\"Answer\",\"text\":\"<div class=\\\"s-whitespace-pre-wrap s-break-words s-font-normal first:s-pt-0 last:s-pb-0 s-py-1 @md:s-py-2 @md:s-leading-7 s-text-base s-leading-7 s-text-foreground dark:s-text-foreground-night\\\"><strong class=\\\"s-font-semibold s-text-foreground dark:s-text-foreground-night\\\">Die Schulung Ihrer Teams ist der Schl\\u00fcssel zu einem nachhaltigen Ansatz f\\u00fcr Barrierefreiheit.<\\\/strong><\\\/div>\\n<div> <\\\/div>\\n<div class=\\\"s-whitespace-pre-wrap s-break-words s-font-normal first:s-pt-0 last:s-pb-0 s-py-1 @md:s-py-2 @md:s-leading-7 s-text-base s-leading-7 s-text-foreground dark:s-text-foreground-night\\\">Anstatt st\\u00e4ndig Korrekturen vorzunehmen, ist es besser, von Anfang an barrierefreie Inhalte zu erstellen.<\\\/div>\\n<div> <\\\/div>\\n<div class=\\\"s-whitespace-pre-wrap s-break-words s-font-normal first:s-pt-0 last:s-pb-0 s-py-1 @md:s-py-2 @md:s-leading-7 s-text-base s-leading-7 s-text-foreground dark:s-text-foreground-night\\\"><strong class=\\\"s-font-semibold s-text-foreground dark:s-text-foreground-night\\\">Einige bew\\u00e4hrte Vorgehensweisen:<\\\/strong><\\\/div>\\n<ul class=\\\"s-list-disc s-pb-2 s-pl-6 s-text-foreground dark:s-text-foreground-night s-text-base s-leading-7\\\">\\n<li class=\\\"s-break-words s-text-foreground dark:s-text-foreground-night s-text-base s-leading-7\\\"><strong class=\\\"s-font-semibold s-text-foreground dark:s-text-foreground-night\\\">Redakteure<\\\/strong> : Strukturierung der Inhalte, textuelle Alternativen, Grunds\\u00e4tze des FALC<\\\/li>\\n<li class=\\\"s-break-words s-text-foreground dark:s-text-foreground-night s-text-base s-leading-7\\\"><strong class=\\\"s-font-semibold s-text-foreground dark:s-text-foreground-night\\\">Entwickler<\\\/strong> : Tastaturnavigation, Kontraste, semantische Tags<\\\/li>\\n<li class=\\\"s-break-words s-text-foreground dark:s-text-foreground-night s-text-base s-leading-7\\\"><strong class=\\\"s-font-semibold s-text-foreground dark:s-text-foreground-night\\\">Designer<\\\/strong> : visuelle Hierarchie, Lesbarkeit, ausreichend gro\\u00dfe Klickbereiche<\\\/li>\\n<li class=\\\"s-break-words s-text-foreground dark:s-text-foreground-night s-text-base s-leading-7\\\"><strong class=\\\"s-font-semibold s-text-foreground dark:s-text-foreground-night\\\">Videoteams<\\\/strong> : Untertitelung, Audiodeskription, Transkriptionen<\\\/li>\\n<\\\/ul>\\n<div class=\\\"s-whitespace-pre-wrap s-break-words s-font-normal first:s-pt-0 last:s-pb-0 s-py-1 @md:s-py-2 @md:s-leading-7 s-text-base s-leading-7 s-text-foreground dark:s-text-foreground-night\\\"><strong class=\\\"s-font-semibold s-text-foreground dark:s-text-foreground-night\\\">Das Ideal?<\\\/strong>  Eine ma\\u00dfgeschneiderte Schulung, die auf Ihre Tools und Ihren Kontext zugeschnitten ist, ist immer effektiver als ein allgemeiner Lehrgang.<\\\/div>\\n\"}},{\"@type\":\"Question\",\"name\":\"Was ist das FALC-Format und f\\u00fcr wen ist es n\\u00fctzlich?\",\"acceptedAnswer\":{\"@type\":\"Answer\",\"text\":\"<div class=\\\"s-whitespace-pre-wrap s-break-words s-font-normal first:s-pt-0 last:s-pb-0 s-py-1 @md:s-py-2 @md:s-leading-7 s-text-base s-leading-7 s-text-foreground dark:s-text-foreground-night\\\"><strong class=\\\"s-font-semibold s-text-foreground dark:s-text-foreground-night\\\">FALC (Facile \\u00c0 Lire et \\u00e0 Comprendre) ist eine Schreibmethode, die komplexe Texte vereinfacht<\\\/strong> , um sie einem m\\u00f6glichst breiten Publikum zug\\u00e4nglich zu machen. Es h\\u00e4lt sich an klare Regeln: kurze S\\u00e4tze, einfache W\\u00f6rter, \\u00fcbersichtliches Layout, erkl\\u00e4rende Piktogramme.<\\\/div>\\n<div> <\\\/div>\\n<div class=\\\"s-whitespace-pre-wrap s-break-words s-font-normal first:s-pt-0 last:s-pb-0 s-py-1 @md:s-py-2 @md:s-leading-7 s-text-base s-leading-7 s-text-foreground dark:s-text-foreground-night\\\"><strong class=\\\"s-font-semibold s-text-foreground dark:s-text-foreground-night\\\">F\\u00fcr wen?<\\\/strong><\\\/div>\\n<ul class=\\\"s-list-disc s-pb-2 s-pl-6 s-text-foreground dark:s-text-foreground-night s-text-base s-leading-7\\\">\\n<li class=\\\"s-break-words s-text-foreground dark:s-text-foreground-night s-text-base s-leading-7\\\">Menschen mit geistiger Behinderung<\\\/li>\\n<li class=\\\"s-break-words s-text-foreground dark:s-text-foreground-night s-text-base s-leading-7\\\">Menschen mit Legasthenie<\\\/li>\\n<li class=\\\"s-break-words s-text-foreground dark:s-text-foreground-night s-text-base s-leading-7\\\">Senioren oder Menschen mit kognitiven Beeintr\\u00e4chtigungen<\\\/li>\\n<li class=\\\"s-break-words s-text-foreground dark:s-text-foreground-night s-text-base s-leading-7\\\">Nicht-Franz\\u00f6sischsprachige, die die Sprache lernen<\\\/li>\\n<li class=\\\"s-break-words s-text-foreground dark:s-text-foreground-night s-text-base s-leading-7\\\">Jeder, der sich beim Schreiben unsicher f\\u00fchlt<\\\/li>\\n<\\\/ul>\\n\"}},{\"@type\":\"Question\",\"name\":\"Kann man Inhalte gleichzeitig in mehreren Sprachen bereitstellen?\",\"acceptedAnswer\":{\"@type\":\"Answer\",\"text\":\"<p><strong class=\\\"s-font-semibold s-text-foreground dark:s-text-foreground-night\\\">Auf jeden Fall, das ist sogar empfehlenswert!<\\\/strong><\\\/p>\\n<p>Digitale Barrierefreiheit und \\u00dcbersetzung k\\u00f6nnen gleichzeitig bearbeitet werden, was die Bearbeitungszeiten verk\\u00fcrzt und die Konsistenz aller Sprachversionen gew\\u00e4hrleistet.<\\\/p>\\n<p>Genau darin liegt der Vorteil, eine <span class=\\\"txt_color1\\\" style=\\\"text-decoration: underline;\\\"><strong><a href=\\\"https:\\\/\\\/www.europatrad.eu\\\/de\\\/\\\">\\u00dcbersetzungsagentur<\\\/a><\\\/strong><\\\/span> zu beauftragen, um Ihre Inhalte in allen Sprachen zug\\u00e4nglich zu machen.<\\\/p>\\n\"}},{\"@type\":\"Question\",\"name\":\"Welche Dateiformate k\\u00f6nnen Sie verarbeiten?\",\"acceptedAnswer\":{\"@type\":\"Answer\",\"text\":\"<p data-path-to-node=\\\"11\\\">Wir beherrschen alle technischen Standards des Marktes.<\\\/p>\\n<ul data-path-to-node=\\\"12\\\">\\n<li>\\n<p data-path-to-node=\\\"12,0,0\\\"><b data-path-to-node=\\\"12,0,0\\\" data-index-in-node=\\\"0\\\">Untertitel:<\\\/b> SRT, VTT, EBU-STL, PAC, SCC usw.<\\\/p>\\n<\\\/li>\\n<li>\\n<p data-path-to-node=\\\"12,1,0\\\"><b data-path-to-node=\\\"12,1,0\\\" data-index-in-node=\\\"0\\\">Video:<\\\/b> MP4, MOV, MXF, AVI und direkte Integration in Ihre Plattformen (LMS, soziale Netzwerke).<\\\/p>\\n<\\\/li>\\n<li>\\n<p data-path-to-node=\\\"12,2,0\\\"><b data-path-to-node=\\\"12,2,0\\\" data-index-in-node=\\\"0\\\">Audio:<\\\/b> WAV, MP3, AIFF in hoher Klangqualit\\u00e4t. Wir k\\u00f6nnen die Untertiteldateien separat liefern oder sie direkt in Ihre fertigen Videos einbrennen.<\\\/p>\\n<\\\/li>\\n<\\\/ul>\\n\"}},{\"@type\":\"Question\",\"name\":\"Wie kann ich feststellen, ob meine aktuellen Inhalte den Barrierefreiheitsstandards entsprechen?\",\"acceptedAnswer\":{\"@type\":\"Answer\",\"text\":\"<div class=\\\"s-whitespace-pre-wrap s-break-words s-font-normal first:s-pt-0 last:s-pb-0 s-py-1 @md:s-py-2 @md:s-leading-7 s-text-base s-leading-7 s-text-foreground dark:s-text-foreground-night\\\"><strong class=\\\"s-font-semibold s-text-foreground dark:s-text-foreground-night\\\">Ein professionelles Audit ist nach wie vor die zuverl\\u00e4ssigste Methode<\\\/strong> , um die Konformit\\u00e4t Ihrer Inhalte mit den WCAG- und RGAA-Standards zu \\u00fcberpr\\u00fcfen.<\\\/div>\\n<div> <\\\/div>\\n<div class=\\\"s-whitespace-pre-wrap s-break-words s-font-normal first:s-pt-0 last:s-pb-0 s-py-1 @md:s-py-2 @md:s-leading-7 s-text-base s-leading-7 s-text-foreground dark:s-text-foreground-night\\\"><strong class=\\\"s-font-semibold s-text-foreground dark:s-text-foreground-night\\\">Einige Anhaltspunkte f\\u00fcr eine erste Einsch\\u00e4tzung:<\\\/strong><\\\/div>\\n<ul class=\\\"s-list-disc s-pb-2 s-pl-6 s-text-foreground dark:s-text-foreground-night s-text-base s-leading-7\\\">\\n<li class=\\\"s-break-words s-text-foreground dark:s-text-foreground-night s-text-base s-leading-7\\\">Ist die Navigation vollst\\u00e4ndig \\u00fcber die Tastatur m\\u00f6glich?<\\\/li>\\n<li class=\\\"s-break-words s-text-foreground dark:s-text-foreground-night s-text-base s-leading-7\\\">Bilder mit Alternativbeschreibungen?<\\\/li>\\n<li class=\\\"s-break-words s-text-foreground dark:s-text-foreground-night s-text-base s-leading-7\\\">Sind die Farbkontraste ausreichend?<\\\/li>\\n<li class=\\\"s-break-words s-text-foreground dark:s-text-foreground-night s-text-base s-leading-7\\\">Videos mit Untertiteln und Transkripten?<\\\/li>\\n<li class=\\\"s-break-words s-text-foreground dark:s-text-foreground-night s-text-base s-leading-7\\\">Strukturierte PDF-Dokumente f\\u00fcr Screenreader?<\\\/li>\\n<\\\/ul>\\n\"}}]}<\/script>\n\t\t\t\t\t<\/div>\n\t\t\t\t\t\t<\/div>\n\t\t\t\t<\/div>\n\t\t\t\t\t<\/div>\n\t\t\t\t<\/div>\n\t\t\t\t<\/div>\n\t\t","protected":false},"excerpt":{"rendered":"<p>Barrierefreiheit &amp; digitale Inklusion Machen Sie Ihre Inhalte f\u00fcr alle zug\u00e4nglich \u2013 in allen Sprachen. Die Digitalisierung sollte verbinden, nicht ausgrenzen. Und doch: Wie viele Menschen sehen sich mit Inhalten konfrontiert, die sie nicht verstehen, sehen oder h\u00f6ren k\u00f6nnen? Ob Sie Ihre Videos f\u00fcr alle verst\u00e4ndlich machen, komplexe Texte vereinfachen oder Ihre Websites an unterschiedliche [&hellip;]<\/p>\n","protected":false},"author":13,"featured_media":0,"parent":0,"menu_order":0,"comment_status":"closed","ping_status":"closed","template":"","meta":{"_acf_changed":false,"inline_featured_image":false,"footnotes":""},"class_list":["post-17639","page","type-page","status-publish","hentry"],"acf":[],"yoast_head":"<!-- This site is optimized with the Yoast SEO plugin v27.3 - https:\/\/yoast.com\/product\/yoast-seo-wordpress\/ -->\n<title>Barrierefreiheit und digitale Inklusion \u2013 EuropaTrad<\/title>\n<meta name=\"description\" content=\"Barrierefreiheit im Internet: Gestalten Sie Ihre Inhalte so, dass sie f\u00fcr alle Nutzer zug\u00e4nglich sind. Untertitelung, FALC, WCAG, \u00fcber 60 Sprachen. Lassen Sie ein Audit durchf\u00fchren.\" \/>\n<meta name=\"robots\" content=\"index, follow, max-snippet:-1, max-image-preview:large, max-video-preview:-1\" \/>\n<link rel=\"canonical\" href=\"https:\/\/www.europatrad.eu\/de\/barrierefreiheit-und-digitale-inklusion\/\" \/>\n<meta property=\"og:locale\" content=\"de_DE\" \/>\n<meta property=\"og:type\" content=\"article\" \/>\n<meta property=\"og:title\" content=\"Barrierefreiheit und digitale Inklusion \u2013 EuropaTrad\" \/>\n<meta property=\"og:description\" content=\"Barrierefreiheit im Internet: Gestalten Sie Ihre Inhalte so, dass sie f\u00fcr alle Nutzer zug\u00e4nglich sind. Untertitelung, FALC, WCAG, \u00fcber 60 Sprachen. Lassen Sie ein Audit durchf\u00fchren.\" \/>\n<meta property=\"og:url\" content=\"https:\/\/www.europatrad.eu\/de\/barrierefreiheit-und-digitale-inklusion\/\" \/>\n<meta property=\"og:site_name\" content=\"EuropaTrad\" \/>\n<meta property=\"article:modified_time\" content=\"2026-04-27T15:00:02+00:00\" \/>\n<meta property=\"og:image\" content=\"https:\/\/www.europatrad.eu\/wp-content\/uploads\/2021\/05\/actublog5-hp.png\" \/>\n\t<meta property=\"og:image:width\" content=\"842\" \/>\n\t<meta property=\"og:image:height\" content=\"595\" \/>\n\t<meta property=\"og:image:type\" content=\"image\/png\" \/>\n<meta name=\"twitter:card\" content=\"summary_large_image\" \/>\n<meta name=\"twitter:label1\" content=\"Gesch\u00e4tzte Lesezeit\" \/>\n\t<meta name=\"twitter:data1\" content=\"12\u00a0Minuten\" \/>\n<!-- \/ Yoast SEO plugin. -->","yoast_head_json":{"title":"Barrierefreiheit und digitale Inklusion \u2013 EuropaTrad","description":"Barrierefreiheit im Internet: Gestalten Sie Ihre Inhalte so, dass sie f\u00fcr alle Nutzer zug\u00e4nglich sind. Untertitelung, FALC, WCAG, \u00fcber 60 Sprachen. Lassen Sie ein Audit durchf\u00fchren.","robots":{"index":"index","follow":"follow","max-snippet":"max-snippet:-1","max-image-preview":"max-image-preview:large","max-video-preview":"max-video-preview:-1"},"canonical":"https:\/\/www.europatrad.eu\/de\/barrierefreiheit-und-digitale-inklusion\/","og_locale":"de_DE","og_type":"article","og_title":"Barrierefreiheit und digitale Inklusion \u2013 EuropaTrad","og_description":"Barrierefreiheit im Internet: Gestalten Sie Ihre Inhalte so, dass sie f\u00fcr alle Nutzer zug\u00e4nglich sind. Untertitelung, FALC, WCAG, \u00fcber 60 Sprachen. Lassen Sie ein Audit durchf\u00fchren.","og_url":"https:\/\/www.europatrad.eu\/de\/barrierefreiheit-und-digitale-inklusion\/","og_site_name":"EuropaTrad","article_modified_time":"2026-04-27T15:00:02+00:00","og_image":[{"width":842,"height":595,"url":"https:\/\/www.europatrad.eu\/wp-content\/uploads\/2021\/05\/actublog5-hp.png","type":"image\/png"}],"twitter_card":"summary_large_image","twitter_misc":{"Gesch\u00e4tzte Lesezeit":"12\u00a0Minuten"},"schema":{"@context":"https:\/\/schema.org","@graph":[{"@type":["Article","BlogPosting"],"@id":"https:\/\/www.europatrad.eu\/de\/barrierefreiheit-und-digitale-inklusion\/#article","isPartOf":{"@id":"https:\/\/www.europatrad.eu\/de\/barrierefreiheit-und-digitale-inklusion\/"},"author":{"name":"Gabriel Rochon","@id":"https:\/\/www.europatrad.eu\/de\/#\/schema\/person\/cf8160fb6d0e1403648203aaabe5d860"},"headline":"Barrierefreiheit und digitale Inklusion","datePublished":"2026-02-26T16:09:00+00:00","dateModified":"2026-04-27T15:00:02+00:00","mainEntityOfPage":{"@id":"https:\/\/www.europatrad.eu\/de\/barrierefreiheit-und-digitale-inklusion\/"},"wordCount":1066,"publisher":{"@id":"https:\/\/www.europatrad.eu\/de\/#organization"},"inLanguage":"de"},{"@type":"WebPage","@id":"https:\/\/www.europatrad.eu\/de\/barrierefreiheit-und-digitale-inklusion\/","url":"https:\/\/www.europatrad.eu\/de\/barrierefreiheit-und-digitale-inklusion\/","name":"Barrierefreiheit und digitale Inklusion \u2013 EuropaTrad","isPartOf":{"@id":"https:\/\/www.europatrad.eu\/de\/#website"},"datePublished":"2026-02-26T16:09:00+00:00","dateModified":"2026-04-27T15:00:02+00:00","description":"Barrierefreiheit im Internet: Gestalten Sie Ihre Inhalte so, dass sie f\u00fcr alle Nutzer zug\u00e4nglich sind. Untertitelung, FALC, WCAG, \u00fcber 60 Sprachen. Lassen Sie ein Audit durchf\u00fchren.","breadcrumb":{"@id":"https:\/\/www.europatrad.eu\/de\/barrierefreiheit-und-digitale-inklusion\/#breadcrumb"},"inLanguage":"de","potentialAction":[{"@type":"ReadAction","target":["https:\/\/www.europatrad.eu\/de\/barrierefreiheit-und-digitale-inklusion\/"]}]},{"@type":"BreadcrumbList","@id":"https:\/\/www.europatrad.eu\/de\/barrierefreiheit-und-digitale-inklusion\/#breadcrumb","itemListElement":[{"@type":"ListItem","position":1,"name":"Home","item":"https:\/\/www.europatrad.eu\/de\/"},{"@type":"ListItem","position":2,"name":"Barrierefreiheit und digitale Inklusion"}]},{"@type":"WebSite","@id":"https:\/\/www.europatrad.eu\/de\/#website","url":"https:\/\/www.europatrad.eu\/de\/","name":"EuropaTrad","description":"YOUR CONTENT. ALL LANGUAGES. ALL FORMATS.","publisher":{"@id":"https:\/\/www.europatrad.eu\/de\/#organization"},"potentialAction":[{"@type":"SearchAction","target":{"@type":"EntryPoint","urlTemplate":"https:\/\/www.europatrad.eu\/de\/?s={search_term_string}"},"query-input":{"@type":"PropertyValueSpecification","valueRequired":true,"valueName":"search_term_string"}}],"inLanguage":"de"},{"@type":"Organization","@id":"https:\/\/www.europatrad.eu\/de\/#organization","name":"EuropaTrad","url":"https:\/\/www.europatrad.eu\/de\/","logo":{"@type":"ImageObject","inLanguage":"de","@id":"https:\/\/www.europatrad.eu\/de\/#\/schema\/logo\/image\/","url":"https:\/\/www.europatrad.eu\/wp-content\/uploads\/2023\/03\/logoeuropatrad.svg","contentUrl":"https:\/\/www.europatrad.eu\/wp-content\/uploads\/2023\/03\/logoeuropatrad.svg","width":"1920","height":"1080","caption":"EuropaTrad"},"image":{"@id":"https:\/\/www.europatrad.eu\/de\/#\/schema\/logo\/image\/"},"sameAs":["https:\/\/www.linkedin.com\/company\/europatrad\/"]},{"@type":"Person","@id":"https:\/\/www.europatrad.eu\/de\/#\/schema\/person\/cf8160fb6d0e1403648203aaabe5d860","name":"Gabriel Rochon"}]}},"_links":{"self":[{"href":"https:\/\/www.europatrad.eu\/de\/wp-json\/wp\/v2\/pages\/17639","targetHints":{"allow":["GET"]}}],"collection":[{"href":"https:\/\/www.europatrad.eu\/de\/wp-json\/wp\/v2\/pages"}],"about":[{"href":"https:\/\/www.europatrad.eu\/de\/wp-json\/wp\/v2\/types\/page"}],"author":[{"embeddable":true,"href":"https:\/\/www.europatrad.eu\/de\/wp-json\/wp\/v2\/users\/13"}],"replies":[{"embeddable":true,"href":"https:\/\/www.europatrad.eu\/de\/wp-json\/wp\/v2\/comments?post=17639"}],"version-history":[{"count":2,"href":"https:\/\/www.europatrad.eu\/de\/wp-json\/wp\/v2\/pages\/17639\/revisions"}],"predecessor-version":[{"id":18679,"href":"https:\/\/www.europatrad.eu\/de\/wp-json\/wp\/v2\/pages\/17639\/revisions\/18679"}],"wp:attachment":[{"href":"https:\/\/www.europatrad.eu\/de\/wp-json\/wp\/v2\/media?parent=17639"}],"curies":[{"name":"wp","href":"https:\/\/api.w.org\/{rel}","templated":true}]}}